{"id":4130,"date":"2026-06-18T12:34:36","date_gmt":"2026-06-18T10:34:36","guid":{"rendered":"https:\/\/alien.agenceidentity.fr\/contribuir\/"},"modified":"2026-08-18T10:52:33","modified_gmt":"2026-08-18T08:52:33","slug":"contribuir","status":"publish","type":"page","link":"https:\/\/alien-occicat.obs-banyuls.fr\/ca\/contribuir\/","title":{"rendered":"Contribuir"},"content":{"rendered":"<p><div class=\"fusion-fullwidth fullwidth-box fusion-builder-row-1 fusion-flex-container has-pattern-background has-mask-background nonhundred-percent-fullwidth non-hundred-percent-height-scrolling\" style=\"--awb-border-radius-top-left:0px;--awb-border-radius-top-right:0px;--awb-border-radius-bottom-right:0px;--awb-border-radius-bottom-left:0px;--awb-padding-top:80px;--awb-padding-bottom:80px;--awb-flex-wrap:wrap;\" ><div class=\"fusion-builder-row fusion-row fusion-flex-align-items-flex-start fusion-flex-content-wrap\" style=\"max-width:1279.2px;margin-left: calc(-4% \/ 2 );margin-right: calc(-4% \/ 2 );\"><div class=\"fusion-layout-column fusion_builder_column fusion-builder-column-0 fusion_builder_column_2_3 2_3 fusion-flex-column\" style=\"--awb-bg-size:cover;--awb-width-large:66.666666666667%;--awb-margin-top-large:0px;--awb-spacing-right-large:2.88%;--awb-margin-bottom-large:0px;--awb-spacing-left-large:2.88%;--awb-width-medium:66.666666666667%;--awb-order-medium:0;--awb-spacing-right-medium:2.88%;--awb-spacing-left-medium:2.88%;--awb-width-small:100%;--awb-order-small:0;--awb-spacing-right-small:1.92%;--awb-spacing-left-small:1.92%;\"><div class=\"fusion-column-wrapper fusion-column-has-shadow fusion-flex-justify-content-flex-start fusion-content-layout-column\"><div class=\"fusion-title title fusion-title-1 fusion-sep-none fusion-title-scroll_reveal fusion-animate-once awb-title__scroll-reveal--color_change fusion-title-size-two\" style=\"--awb-text-color:var(--awb-color2);--awb-animated-text-color:var(--awb-custom_color_5);--awb-margin-top-small:10px;--awb-margin-right-small:0px;--awb-margin-bottom-small:10px;--awb-margin-left-small:0px;\" data-scroll-reveal-effect=\"color_change\" data-scroll-reveal-above-fold=\"1\" data-scroll-reveal-basis=\"chars\" data-scroll-reveal-behavior=\"always\" data-scroll-reveal-duration=\"0.5\" data-scroll-reveal-stagger=\"0.2\" data-scroll-reveal-delay=\"0\" data-scroll-reveal-counter=\"1\"><h2 class=\"fusion-title-heading title-heading-left fusion-responsive-typography-calculated\" style=\"margin:0;--fontSize:42;line-height:var(--awb-typography1-line-height);\">Converteix-te en actor de la vigil\u00e0ncia de les esp\u00e8cies ex\u00f2tiques!<\/h2><\/div><div class=\"fusion-text fusion-text-1\"><p>En compartir les vostres <strong>observacions<\/strong> sobre el terreny, ajudeu directament els investigadors i els gestors d\u2019espais naturals a <strong>detectar r\u00e0pidament l\u2019arribada<\/strong> o la proliferaci\u00f3 de les Esp\u00e8cies No-Ind\u00edgenes als nostres litorals.<\/p>\n<\/div><div class=\"fusion-image-element\" style=\"--awb-caption-title-font-family:var(--h2_typography-font-family);--awb-caption-title-font-weight:var(--h2_typography-font-weight);--awb-caption-title-font-style:var(--h2_typography-font-style);--awb-caption-title-size:var(--h2_typography-font-size);--awb-caption-title-transform:var(--h2_typography-text-transform);--awb-caption-title-line-height:var(--h2_typography-line-height);--awb-caption-title-letter-spacing:var(--h2_typography-letter-spacing);\"><span class=\" fusion-imageframe imageframe-none imageframe-1 hover-type-none\"><img decoding=\"async\" width=\"2560\" height=\"937\" alt=\"Visuel - Etape contribuer_Ca_V2\" title=\"Visuel &#8211; Etape contribuer_Ca_V2\" src=\"https:\/\/alien-occicat.obs-banyuls.fr\/wp-content\/uploads\/2026\/07\/Visuel-Etape-contribuer_Ca_V2-scaled.png\" data-orig-src=\"https:\/\/alien-occicat.obs-banyuls.fr\/wp-content\/uploads\/2026\/07\/Visuel-Etape-contribuer_Ca_V2-scaled.png\" class=\"lazyload img-responsive wp-image-5074\" srcset=\"data:image\/svg+xml,%3Csvg%20xmlns%3D%27http%3A%2F%2Fwww.w3.org%2F2000%2Fsvg%27%20width%3D%272560%27%20height%3D%27937%27%20viewBox%3D%270%200%202560%20937%27%3E%3Crect%20width%3D%272560%27%20height%3D%27937%27%20fill-opacity%3D%220%22%2F%3E%3C%2Fsvg%3E\" data-srcset=\"https:\/\/alien-occicat.obs-banyuls.fr\/wp-content\/uploads\/2026\/07\/Visuel-Etape-contribuer_Ca_V2-200x73.png 200w, https:\/\/alien-occicat.obs-banyuls.fr\/wp-content\/uploads\/2026\/07\/Visuel-Etape-contribuer_Ca_V2-400x146.png 400w, https:\/\/alien-occicat.obs-banyuls.fr\/wp-content\/uploads\/2026\/07\/Visuel-Etape-contribuer_Ca_V2-600x220.png 600w, https:\/\/alien-occicat.obs-banyuls.fr\/wp-content\/uploads\/2026\/07\/Visuel-Etape-contribuer_Ca_V2-800x293.png 800w, https:\/\/alien-occicat.obs-banyuls.fr\/wp-content\/uploads\/2026\/07\/Visuel-Etape-contribuer_Ca_V2-1200x439.png 1200w, https:\/\/alien-occicat.obs-banyuls.fr\/wp-content\/uploads\/2026\/07\/Visuel-Etape-contribuer_Ca_V2-scaled.png 2560w\" data-sizes=\"auto\" data-orig-sizes=\"(max-width: 800px) 100vw, 800px\" \/><\/span><\/div><div class=\"fusion-text fusion-text-2\"><p>Totes les vostres observacions seran validades per experts i posades a disposici\u00f3 en <strong>bases de dades globals<\/strong>, per ser utilitzades en el marc d\u2019estudis cient\u00edfics com <strong>ALIEN-OCCICAT<\/strong>.<\/p>\n<\/div><\/div><\/div><div class=\"fusion-layout-column fusion_builder_column fusion-builder-column-1 fusion_builder_column_1_3 1_3 fusion-flex-column fusion-flex-align-self-stretch\" style=\"--awb-bg-size:cover;--awb-width-large:33.333333333333%;--awb-margin-top-large:0px;--awb-spacing-right-large:5.76%;--awb-margin-bottom-large:0px;--awb-spacing-left-large:5.76%;--awb-width-medium:33.333333333333%;--awb-order-medium:0;--awb-spacing-right-medium:5.76%;--awb-spacing-left-medium:5.76%;--awb-width-small:100%;--awb-order-small:0;--awb-spacing-right-small:1.92%;--awb-spacing-left-small:1.92%;\"><div class=\"fusion-column-wrapper fusion-column-has-shadow fusion-flex-justify-content-center fusion-content-layout-column\"><div class=\"fusion-image-element sm-text-align-center\" style=\"--awb-mask-url: url(https:\/\/alien-occicat.obs-banyuls.fr\/wp-content\/plugins\/fusion-builder\/\/assets\/images\/masks\/mask-4.svg);--awb-caption-title-font-family:var(--h2_typography-font-family);--awb-caption-title-font-weight:var(--h2_typography-font-weight);--awb-caption-title-font-style:var(--h2_typography-font-style);--awb-caption-title-size:var(--h2_typography-font-size);--awb-caption-title-transform:var(--h2_typography-text-transform);--awb-caption-title-line-height:var(--h2_typography-line-height);--awb-caption-title-letter-spacing:var(--h2_typography-letter-spacing);\"><div class=\"awb-image-frame awb-image-frame-2 imageframe-liftup hover-with-mask\" style=\"max-width:350px;\"><span class=\" fusion-imageframe imageframe-none imageframe-2 has-mask\"><img decoding=\"async\" width=\"1536\" height=\"2048\" alt=\"Clavelina oblonga_Manel Salvador\" title=\"Clavelina oblonga_Manel Salvador\" src=\"https:\/\/alien-occicat.obs-banyuls.fr\/wp-content\/uploads\/2026\/06\/Clavelina-oblonga_Manel-Salvador.jpeg\" data-orig-src=\"https:\/\/alien-occicat.obs-banyuls.fr\/wp-content\/uploads\/2026\/06\/Clavelina-oblonga_Manel-Salvador.jpeg\" class=\"lazyload img-responsive wp-image-4133\" srcset=\"data:image\/svg+xml,%3Csvg%20xmlns%3D%27http%3A%2F%2Fwww.w3.org%2F2000%2Fsvg%27%20width%3D%271536%27%20height%3D%272048%27%20viewBox%3D%270%200%201536%202048%27%3E%3Crect%20width%3D%271536%27%20height%3D%272048%27%20fill-opacity%3D%220%22%2F%3E%3C%2Fsvg%3E\" data-srcset=\"https:\/\/alien-occicat.obs-banyuls.fr\/wp-content\/uploads\/2026\/06\/Clavelina-oblonga_Manel-Salvador-200x267.jpeg 200w, https:\/\/alien-occicat.obs-banyuls.fr\/wp-content\/uploads\/2026\/06\/Clavelina-oblonga_Manel-Salvador-400x533.jpeg 400w, https:\/\/alien-occicat.obs-banyuls.fr\/wp-content\/uploads\/2026\/06\/Clavelina-oblonga_Manel-Salvador-600x800.jpeg 600w, https:\/\/alien-occicat.obs-banyuls.fr\/wp-content\/uploads\/2026\/06\/Clavelina-oblonga_Manel-Salvador-800x1067.jpeg 800w, https:\/\/alien-occicat.obs-banyuls.fr\/wp-content\/uploads\/2026\/06\/Clavelina-oblonga_Manel-Salvador-1200x1600.jpeg 1200w, https:\/\/alien-occicat.obs-banyuls.fr\/wp-content\/uploads\/2026\/06\/Clavelina-oblonga_Manel-Salvador.jpeg 1536w\" data-sizes=\"auto\" data-orig-sizes=\"(max-width: 800px) 100vw, 400px\" \/><\/span><\/div><\/div><div class=\"fusion-text fusion-text-3\" style=\"--awb-content-alignment:center;--awb-font-size:12px;--awb-margin-top:10px;\"><p><em>Clavelina oblonga<\/em><br \/>\nMINKA \u00a9 manelsalvador CC BY-NC<\/p>\n<\/div><\/div><\/div><\/div><\/div><div class=\"fusion-fullwidth fullwidth-box fusion-builder-row-2 fusion-flex-container has-pattern-background has-mask-background nonhundred-percent-fullwidth non-hundred-percent-height-scrolling\" style=\"--awb-border-radius-top-left:0px;--awb-border-radius-top-right:0px;--awb-border-radius-bottom-right:0px;--awb-border-radius-bottom-left:0px;--awb-padding-top:80px;--awb-padding-bottom:80px;--awb-background-image:linear-gradient(180deg, rgba(255,255,255,0) 0%,var(--awb-custom_color_2) 100%);--awb-flex-wrap:wrap;\" ><div class=\"fusion-builder-row fusion-row fusion-flex-align-items-flex-start fusion-flex-content-wrap\" style=\"max-width:1279.2px;margin-left: calc(-4% \/ 2 );margin-right: calc(-4% \/ 2 );\"><div class=\"fusion-layout-column fusion_builder_column fusion-builder-column-2 fusion_builder_column_1_2 1_2 fusion-flex-column\" style=\"--awb-bg-size:cover;--awb-width-large:50%;--awb-margin-top-large:0px;--awb-spacing-right-large:3.84%;--awb-margin-bottom-large:0px;--awb-spacing-left-large:3.84%;--awb-width-medium:50%;--awb-order-medium:0;--awb-spacing-right-medium:3.84%;--awb-spacing-left-medium:3.84%;--awb-width-small:100%;--awb-order-small:2;--awb-spacing-right-small:1.92%;--awb-spacing-left-small:1.92%;\"><div class=\"fusion-column-wrapper fusion-column-has-shadow fusion-flex-justify-content-flex-start fusion-content-layout-column\"><div class=\"fusion-builder-row fusion-builder-row-inner fusion-row fusion-flex-align-items-flex-start fusion-flex-content-wrap\" style=\"--awb-flex-grow:0;--awb-flex-grow-medium:0;--awb-flex-grow-small:0;--awb-flex-shrink:0;--awb-flex-shrink-medium:0;--awb-flex-shrink-small:0;width:104% !important;max-width:104% !important;margin-left: calc(-4% \/ 2 );margin-right: calc(-4% \/ 2 );\"><div class=\"fusion-layout-column fusion_builder_column_inner fusion-builder-nested-column-0 fusion_builder_column_inner_1_2 1_2 fusion-flex-column\" style=\"--awb-bg-size:cover;--awb-transform:translateY(0px);--awb-transform-hover:translateY(-10px);--awb-width-large:50%;--awb-margin-top-large:0px;--awb-spacing-right-large:3.84%;--awb-margin-bottom-large:0px;--awb-spacing-left-large:3.84%;--awb-width-medium:50%;--awb-order-medium:0;--awb-spacing-right-medium:3.84%;--awb-spacing-left-medium:3.84%;--awb-width-small:50%;--awb-order-small:0;--awb-spacing-right-small:3.84%;--awb-spacing-left-small:3.84%;\"><div class=\"fusion-column-wrapper fusion-column-has-shadow fusion-flex-justify-content-flex-start fusion-content-layout-column\"><div class=\"fusion-image-element\" style=\"text-align:center;--awb-caption-title-font-family:var(--h2_typography-font-family);--awb-caption-title-font-weight:var(--h2_typography-font-weight);--awb-caption-title-font-style:var(--h2_typography-font-style);--awb-caption-title-size:var(--h2_typography-font-size);--awb-caption-title-transform:var(--h2_typography-text-transform);--awb-caption-title-line-height:var(--h2_typography-line-height);--awb-caption-title-letter-spacing:var(--h2_typography-letter-spacing);\"><span class=\" fusion-imageframe imageframe-none imageframe-3 hover-type-none\"><a class=\"fusion-no-lightbox\" href=\"https:\/\/minka-sdg.org\/\" target=\"_blank\" aria-label=\"Visuel &#8211; Contribuer-1-CA\" rel=\"noopener noreferrer\"><img decoding=\"async\" width=\"1233\" height=\"1781\" alt=\"Visuel - Contribuer-1-CA\" src=\"https:\/\/alien-occicat.obs-banyuls.fr\/wp-content\/uploads\/2026\/08\/Visuel-Contribuer-1-CA.png\" data-orig-src=\"https:\/\/alien-occicat.obs-banyuls.fr\/wp-content\/uploads\/2026\/08\/Visuel-Contribuer-1-CA.png\" class=\"lazyload img-responsive wp-image-5938\" srcset=\"data:image\/svg+xml,%3Csvg%20xmlns%3D%27http%3A%2F%2Fwww.w3.org%2F2000%2Fsvg%27%20width%3D%271233%27%20height%3D%271781%27%20viewBox%3D%270%200%201233%201781%27%3E%3Crect%20width%3D%271233%27%20height%3D%271781%27%20fill-opacity%3D%220%22%2F%3E%3C%2Fsvg%3E\" data-srcset=\"https:\/\/alien-occicat.obs-banyuls.fr\/wp-content\/uploads\/2026\/08\/Visuel-Contribuer-1-CA-200x289.png 200w, https:\/\/alien-occicat.obs-banyuls.fr\/wp-content\/uploads\/2026\/08\/Visuel-Contribuer-1-CA-400x578.png 400w, https:\/\/alien-occicat.obs-banyuls.fr\/wp-content\/uploads\/2026\/08\/Visuel-Contribuer-1-CA-600x867.png 600w, https:\/\/alien-occicat.obs-banyuls.fr\/wp-content\/uploads\/2026\/08\/Visuel-Contribuer-1-CA-800x1156.png 800w, https:\/\/alien-occicat.obs-banyuls.fr\/wp-content\/uploads\/2026\/08\/Visuel-Contribuer-1-CA-1200x1733.png 1200w, https:\/\/alien-occicat.obs-banyuls.fr\/wp-content\/uploads\/2026\/08\/Visuel-Contribuer-1-CA.png 1233w\" data-sizes=\"auto\" data-orig-sizes=\"(max-width: 800px) 100vw, 600px\" \/><\/a><\/span><\/div><\/div><\/div><div class=\"fusion-layout-column fusion_builder_column_inner fusion-builder-nested-column-1 fusion_builder_column_inner_1_2 1_2 fusion-flex-column\" style=\"--awb-bg-size:cover;--awb-transform:translateY(0px);--awb-transform-hover:translateY(-10px);--awb-width-large:50%;--awb-margin-top-large:0px;--awb-spacing-right-large:3.84%;--awb-margin-bottom-large:0px;--awb-spacing-left-large:3.84%;--awb-width-medium:50%;--awb-order-medium:0;--awb-spacing-right-medium:3.84%;--awb-spacing-left-medium:3.84%;--awb-width-small:50%;--awb-order-small:0;--awb-spacing-right-small:3.84%;--awb-spacing-left-small:3.84%;\"><div class=\"fusion-column-wrapper fusion-column-has-shadow fusion-flex-justify-content-flex-start fusion-content-layout-column\"><div class=\"fusion-image-element\" style=\"text-align:center;--awb-caption-title-font-family:var(--h2_typography-font-family);--awb-caption-title-font-weight:var(--h2_typography-font-weight);--awb-caption-title-font-style:var(--h2_typography-font-style);--awb-caption-title-size:var(--h2_typography-font-size);--awb-caption-title-transform:var(--h2_typography-text-transform);--awb-caption-title-line-height:var(--h2_typography-line-height);--awb-caption-title-letter-spacing:var(--h2_typography-letter-spacing);\"><span class=\" fusion-imageframe imageframe-none imageframe-4 hover-type-none\"><a class=\"fusion-no-lightbox\" href=\"https:\/\/bioobs.fr\/blog\/\" target=\"_blank\" aria-label=\"Visuel &#8211; Contribuer-2-CA\" rel=\"noopener noreferrer\"><img decoding=\"async\" width=\"1233\" height=\"1781\" src=\"https:\/\/alien-occicat.obs-banyuls.fr\/wp-content\/uploads\/2026\/08\/Visuel-Contribuer-2-CA.png\" data-orig-src=\"https:\/\/alien-occicat.obs-banyuls.fr\/wp-content\/uploads\/2026\/08\/Visuel-Contribuer-2-CA.png\" alt class=\"lazyload img-responsive wp-image-5939\" srcset=\"data:image\/svg+xml,%3Csvg%20xmlns%3D%27http%3A%2F%2Fwww.w3.org%2F2000%2Fsvg%27%20width%3D%271233%27%20height%3D%271781%27%20viewBox%3D%270%200%201233%201781%27%3E%3Crect%20width%3D%271233%27%20height%3D%271781%27%20fill-opacity%3D%220%22%2F%3E%3C%2Fsvg%3E\" data-srcset=\"https:\/\/alien-occicat.obs-banyuls.fr\/wp-content\/uploads\/2026\/08\/Visuel-Contribuer-2-CA-200x289.png 200w, https:\/\/alien-occicat.obs-banyuls.fr\/wp-content\/uploads\/2026\/08\/Visuel-Contribuer-2-CA-400x578.png 400w, https:\/\/alien-occicat.obs-banyuls.fr\/wp-content\/uploads\/2026\/08\/Visuel-Contribuer-2-CA-600x867.png 600w, https:\/\/alien-occicat.obs-banyuls.fr\/wp-content\/uploads\/2026\/08\/Visuel-Contribuer-2-CA-800x1156.png 800w, https:\/\/alien-occicat.obs-banyuls.fr\/wp-content\/uploads\/2026\/08\/Visuel-Contribuer-2-CA-1200x1733.png 1200w, https:\/\/alien-occicat.obs-banyuls.fr\/wp-content\/uploads\/2026\/08\/Visuel-Contribuer-2-CA.png 1233w\" data-sizes=\"auto\" data-orig-sizes=\"(max-width: 800px) 100vw, 600px\" \/><\/a><\/span><\/div><\/div><\/div><\/div><\/div><\/div><div class=\"fusion-layout-column fusion_builder_column fusion-builder-column-3 fusion_builder_column_1_2 1_2 fusion-flex-column\" style=\"--awb-bg-size:cover;--awb-width-large:50%;--awb-margin-top-large:0px;--awb-spacing-right-large:3.84%;--awb-margin-bottom-large:0px;--awb-spacing-left-large:3.84%;--awb-width-medium:50%;--awb-order-medium:0;--awb-spacing-right-medium:3.84%;--awb-spacing-left-medium:3.84%;--awb-width-small:100%;--awb-order-small:1;--awb-spacing-right-small:1.92%;--awb-spacing-left-small:1.92%;\"><div class=\"fusion-column-wrapper fusion-column-has-shadow fusion-flex-justify-content-flex-start fusion-content-layout-column\"><div class=\"fusion-title title fusion-title-2 fusion-sep-none fusion-title-scroll_reveal fusion-animate-once awb-title__scroll-reveal--color_change fusion-title-size-two\" style=\"--awb-text-color:var(--awb-color2);--awb-animated-text-color:var(--awb-color8);--awb-margin-top-small:10px;--awb-margin-right-small:0px;--awb-margin-bottom-small:10px;--awb-margin-left-small:0px;\" data-scroll-reveal-effect=\"color_change\" data-scroll-reveal-above-fold=\"1\" data-scroll-reveal-basis=\"chars\" data-scroll-reveal-behavior=\"always\" data-scroll-reveal-duration=\"0.5\" data-scroll-reveal-stagger=\"0.2\" data-scroll-reveal-delay=\"0\" data-scroll-reveal-counter=\"2\"><h2 class=\"fusion-title-heading title-heading-right fusion-responsive-typography-calculated\" style=\"margin:0;--fontSize:42;line-height:var(--awb-typography1-line-height);\">On compartir les vostres observacions?<\/h2><\/div><div class=\"fusion-text fusion-text-4\"><p>Hi ha nombroses <strong>plataformes de ci\u00e8ncia ciutadana<\/strong> dedicades al medi mar\u00ed. Per al projecte <strong>ALIEN-OCCICAT<\/strong>, us recomanem especialment \u00a0<a href=\"https:\/\/minka-sdg.org\" target=\"_blank\" rel=\"noopener\"><strong>Minka<\/strong><\/a> i <a href=\"https:\/\/bioobs.fr\/blog\/\" target=\"_blank\" rel=\"noopener\"><strong>BioObs<\/strong><\/a>.<\/p>\n<\/div><\/div><\/div><\/div><\/div><div class=\"fusion-fullwidth fullwidth-box fusion-builder-row-3 fusion-flex-container has-pattern-background has-mask-background faded-background fusion-parallax-none nonhundred-percent-fullwidth non-hundred-percent-height-scrolling lazyload\" style=\"--awb-background-position:left top;--awb-border-radius-top-left:0px;--awb-border-radius-top-right:0px;--awb-border-radius-bottom-right:0px;--awb-border-radius-bottom-left:0px;--awb-padding-top:80px;--awb-background-size:600px;--awb-flex-wrap:wrap;\" data-bg=\"https:\/\/alien-occicat.obs-banyuls.fr\/wp-content\/uploads\/2025\/09\/shape-07.svg\" ><div class=\"fullwidth-faded lazyload\" style=\"--awb-background-position:left top;--awb-background-size:600px;\" data-bg=\"https:\/\/alien-occicat.obs-banyuls.fr\/wp-content\/uploads\/2025\/09\/shape-07.svg\" ><\/div><div class=\"fusion-builder-row fusion-row fusion-flex-align-items-flex-start fusion-flex-content-wrap\" style=\"max-width:1279.2px;margin-left: calc(-4% \/ 2 );margin-right: calc(-4% \/ 2 );\"><div class=\"fusion-layout-column fusion_builder_column fusion-builder-column-4 fusion_builder_column_1_1 1_1 fusion-flex-column fusion-no-small-visibility\" style=\"--awb-bg-size:cover;--awb-width-large:100%;--awb-margin-top-large:0px;--awb-spacing-right-large:1.92%;--awb-margin-bottom-large:0px;--awb-spacing-left-large:1.92%;--awb-width-medium:100%;--awb-order-medium:0;--awb-spacing-right-medium:1.92%;--awb-spacing-left-medium:1.92%;--awb-width-small:100%;--awb-order-small:0;--awb-spacing-right-small:1.92%;--awb-spacing-left-small:1.92%;\"><div class=\"fusion-column-wrapper fusion-column-has-shadow fusion-flex-justify-content-flex-start fusion-content-layout-column\"><div class=\"fusion-title title fusion-title-3 fusion-sep-none fusion-title-scroll_reveal fusion-animate-once awb-title__scroll-reveal--color_change fusion-title-size-two\" style=\"--awb-text-color:var(--awb-color2);--awb-animated-text-color:var(--awb-custom_color_5);--awb-margin-top-small:10px;--awb-margin-right-small:0px;--awb-margin-bottom-small:10px;--awb-margin-left-small:0px;\" data-scroll-reveal-effect=\"color_change\" data-scroll-reveal-above-fold=\"1\" data-scroll-reveal-basis=\"chars\" data-scroll-reveal-behavior=\"always\" data-scroll-reveal-duration=\"0.5\" data-scroll-reveal-stagger=\"0.2\" data-scroll-reveal-delay=\"0\" data-scroll-reveal-counter=\"3\"><h2 class=\"fusion-title-heading title-heading-left fusion-responsive-typography-calculated\" style=\"margin:0;--fontSize:42;line-height:var(--awb-typography1-line-height);\">Per qu\u00e8 contribuir a la ci\u00e8ncia ciutadana?<\/h2><\/div><div class=\"fusion-text fusion-text-5\"><p>L\u2019<strong>observaci\u00f3<\/strong> i el <strong>senyalament<\/strong> de les Esp\u00e8cies No-Ind\u00edgenes per part del <strong>p\u00fablic<\/strong> en general constitueixen <strong>eines essencials<\/strong> per <strong>anticipar i limitar<\/strong> el seu impacte. En participar en aquesta <strong>vigil\u00e0ncia col\u00b7lectiva<\/strong>, cada ciutad\u00e0 es converteix en un actor clau de la protecci\u00f3 de la biodiversitat i de la gesti\u00f3 dels ecosistemes.<\/p>\n<p>En compartir les vostres observacions, actueu concretament a diversos nivells:<\/p>\n<\/div><div class=\"fusion-content-boxes content-boxes columns row fusion-columns-2 fusion-columns-total-4 fusion-content-boxes-1 content-boxes-icon-with-title content-left has-flex-alignment\" style=\"--awb-backgroundcolor:var(--awb-custom_color_3);--awb-alignment:stretch;--awb-title-color:var(--awb-custom_color_4);--awb-item-margin-top:10px;--awb-hover-accent-color:var(--awb-color4);--awb-circle-hover-accent-color:var(--awb-color4);--awb-box-shadow:3px 3px 10px 3px var(--awb-color3);;\" data-animationOffset=\"top-into-view\"><div style=\"--awb-backgroundcolor:var(--awb-custom_color_3);\" class=\"fusion-column content-box-column content-box-column content-box-column-1 col-lg-6 col-md-6 col-sm-6 fusion-content-box-hover content-box-column-first-in-row\"><div class=\"col content-box-wrapper content-wrapper-background link-area-link-icon content-icon-wrapper-yes icon-hover-animation-fade fusion-animated\" data-animationType=\"slideInUp\" data-animationDuration=\"1.0\" data-animationOffset=\"top-into-view\"><div class=\"heading heading-with-icon icon-left\"><div aria-hidden=\"true\" class=\"image\"><img decoding=\"async\" class=\"lazyload\" src=\"data:image\/gif;base64,R0lGODlhAQABAAAAACH5BAEKAAEALAAAAAABAAEAAAICTAEAOw==\" data-orig-src=\"https:\/\/alien-occicat.obs-banyuls.fr\/wp-content\/uploads\/2026\/06\/ico_ALIEN-OCCICAT_Jumelles.svg\" width=\"150\" height=\"150\" alt=\"\" \/><\/div><h3 class=\"content-box-heading fusion-responsive-typography-calculated\" style=\"--h3_typography-font-size:24px;--fontSize:24;line-height:var(--awb-typography1-line-height);\">Detectar preco\u00e7ment les noves introduccions<\/h3><\/div><div class=\"fusion-clearfix\"><\/div><div class=\"content-container\">\n<p>Les esp\u00e8cies invasores actuen sovint en silenci abans de provocar dany irreversible. Com <strong>m\u00e9s aviat<\/strong> es detecti una introducci\u00f3, <strong>m\u00e9s<\/strong> possibilitats hi haur\u00e0 de contenir-la. Ara b\u00e9, els cient\u00edfics i els gestors no poden estar a tot arreu: com a usuaris del mar, sou els <strong>ulls del projecte<\/strong> sobre el terreny cada dia.<\/p>\n<\/div><\/div><\/div><div style=\"--awb-backgroundcolor:var(--awb-custom_color_3);\" class=\"fusion-column content-box-column content-box-column content-box-column-2 col-lg-6 col-md-6 col-sm-6 fusion-content-box-hover content-box-column-last-in-row\"><div class=\"col content-box-wrapper content-wrapper-background link-area-link-icon content-icon-wrapper-yes icon-hover-animation-fade fusion-animated\" data-animationType=\"slideInUp\" data-animationDuration=\"1.0\" data-animationOffset=\"top-into-view\"><div class=\"heading heading-with-icon icon-left\"><div aria-hidden=\"true\" class=\"image\"><img decoding=\"async\" class=\"lazyload\" src=\"data:image\/gif;base64,R0lGODlhAQABAAAAACH5BAEKAAEALAAAAAABAAEAAAICTAEAOw==\" data-orig-src=\"https:\/\/alien-occicat.obs-banyuls.fr\/wp-content\/uploads\/2026\/06\/ico_ALIEN-OCCICAT_Biodiversite.svg\" width=\"150\" height=\"150\" alt=\"\" \/><\/div><h3 class=\"content-box-heading fusion-responsive-typography-calculated\" style=\"--h3_typography-font-size:24px;--fontSize:24;line-height:var(--awb-typography1-line-height);\">Proteger la biodiversitat<\/h3><\/div><div class=\"fusion-clearfix\"><\/div><div class=\"content-container\">\n<p>A escala mundial, les esp\u00e8cies invasores constitueixen <strong>una de les cinc causes principals de l\u2019ensulsiament de la biodiversitat<\/strong> i estan implicades en el <strong>60% de les extincions d\u2019esp\u00e8cies<\/strong> (segons l\u2019IPBES). En senyalar la seva pres\u00e8ncia a la mar Mediterr\u00e0nia, actueu concretament per limitar la compet\u00e8ncia pels recursos, preservar els h\u00e0bitats clau, frenar la depredaci\u00f3 o contenir la difusi\u00f3 de noves malalties.<\/p>\n<\/div><\/div><\/div><div style=\"--awb-backgroundcolor:var(--awb-custom_color_3);\" class=\"fusion-column content-box-column content-box-column content-box-column-3 col-lg-6 col-md-6 col-sm-6 fusion-content-box-hover content-box-column-first-in-row\"><div class=\"col content-box-wrapper content-wrapper-background link-area-link-icon content-icon-wrapper-yes icon-hover-animation-fade fusion-animated\" data-animationType=\"slideInUp\" data-animationDuration=\"1.0\" data-animationOffset=\"top-into-view\"><div class=\"heading heading-with-icon icon-left\"><div aria-hidden=\"true\" class=\"image\"><img decoding=\"async\" class=\"lazyload\" src=\"data:image\/gif;base64,R0lGODlhAQABAAAAACH5BAEKAAEALAAAAAABAAEAAAICTAEAOw==\" data-orig-src=\"https:\/\/alien-occicat.obs-banyuls.fr\/wp-content\/uploads\/2026\/06\/ico_ALIEN-OCCICAT_Plan-de-travail-4.svg\" width=\"150\" height=\"150\" alt=\"ico_ALIEN-OCCICAT_Vaixell\" \/><\/div><h3 class=\"content-box-heading fusion-responsive-typography-calculated\" style=\"--h3_typography-font-size:24px;--fontSize:24;line-height:var(--awb-typography1-line-height);\">Donar suport als pescadors i als gestors<\/h3><\/div><div class=\"fusion-clearfix\"><\/div><div class=\"content-container\">\n<p>Els pescadors professionals i els gestors d\u2019espais naturals, com els parcs marins i les reserves, necessiten dades precises i actualitzades per ajustar les seves estrategies de gesti\u00f3. La vostra vigil\u00e0ncia ciutadana els permet anticipar les pertorbacions econ\u00f2miques, com la davallada de les captures de peixos locals o la degradaci\u00f3 de les xarxes, alhora que els ajuda a prioritzar les zones d\u2019acci\u00f3 per adaptar les <strong>mesures de gesti\u00f3<\/strong> de manera efica\u00e7.<\/p>\n<\/div><\/div><\/div><div style=\"--awb-backgroundcolor:var(--awb-custom_color_3);\" class=\"fusion-column content-box-column content-box-column content-box-column-4 col-lg-6 col-md-6 col-sm-6 fusion-content-box-hover content-box-column-last content-box-column-last-in-row\"><div class=\"col content-box-wrapper content-wrapper-background link-area-link-icon content-icon-wrapper-yes icon-hover-animation-fade fusion-animated\" data-animationType=\"slideInUp\" data-animationDuration=\"1.0\" data-animationOffset=\"top-into-view\"><div class=\"heading heading-with-icon icon-left\"><div aria-hidden=\"true\" class=\"image\"><img decoding=\"async\" class=\"lazyload\" src=\"data:image\/gif;base64,R0lGODlhAQABAAAAACH5BAEKAAEALAAAAAABAAEAAAICTAEAOw==\" data-orig-src=\"https:\/\/alien-occicat.obs-banyuls.fr\/wp-content\/uploads\/2026\/06\/ico_ALIEN-OCCICAT_Microscope.svg\" width=\"150\" height=\"150\" alt=\"\" \/><\/div><h3 class=\"content-box-heading fusion-responsive-typography-calculated\" style=\"--h3_typography-font-size:24px;--fontSize:24;line-height:var(--awb-typography1-line-height);\">Alimentar la recerca cient\u00edfica<\/h3><\/div><div class=\"fusion-clearfix\"><\/div><div class=\"content-container\">\n<p>Els cient\u00edfics sovint manquen de dades geogr\u00e0fiques sobre la distribuci\u00f3 i el comportament de les Esp\u00e8cies No-Ind\u00edgenes. Les vostres observacions en temps real permeten analitzar com i per qu\u00e8 una esp\u00e8cie prolifera, millorar els models predictius de propagaci\u00f3 davant del canvi clim\u00e0tic i, finalment, avaluar si les mesures de regulaci\u00f3 aplicades al litoral estan donant els resultats esperats.<\/p>\n<\/div><\/div><\/div><div class=\"fusion-clearfix\"><\/div><\/div><\/div><\/div><div class=\"fusion-layout-column fusion_builder_column fusion-builder-column-5 fusion_builder_column_1_1 1_1 fusion-flex-column fusion-no-medium-visibility fusion-no-large-visibility\" style=\"--awb-bg-size:cover;--awb-width-large:100%;--awb-margin-top-large:0px;--awb-spacing-right-large:1.92%;--awb-margin-bottom-large:0px;--awb-spacing-left-large:1.92%;--awb-width-medium:100%;--awb-order-medium:0;--awb-spacing-right-medium:1.92%;--awb-spacing-left-medium:1.92%;--awb-width-small:100%;--awb-order-small:0;--awb-spacing-right-small:1.92%;--awb-spacing-left-small:1.92%;\"><div class=\"fusion-column-wrapper fusion-column-has-shadow fusion-flex-justify-content-flex-start fusion-content-layout-column\"><div class=\"fusion-title title fusion-title-4 fusion-sep-none fusion-title-scroll_reveal fusion-animate-once awb-title__scroll-reveal--color_change fusion-title-size-two\" style=\"--awb-text-color:var(--awb-color2);--awb-animated-text-color:var(--awb-custom_color_5);--awb-margin-top-small:10px;--awb-margin-right-small:0px;--awb-margin-bottom-small:10px;--awb-margin-left-small:0px;\" data-scroll-reveal-effect=\"color_change\" data-scroll-reveal-above-fold=\"1\" data-scroll-reveal-basis=\"chars\" data-scroll-reveal-behavior=\"always\" data-scroll-reveal-duration=\"0.5\" data-scroll-reveal-stagger=\"0.2\" data-scroll-reveal-delay=\"0\" data-scroll-reveal-counter=\"4\"><h2 class=\"fusion-title-heading title-heading-left fusion-responsive-typography-calculated\" style=\"margin:0;--fontSize:42;line-height:var(--awb-typography1-line-height);\">Per qu\u00e8 contribuir a la ci\u00e8ncia ciutadana?<\/h2><\/div><div class=\"fusion-text fusion-text-6\"><p>L\u2019<strong>observaci\u00f3<\/strong> i el <strong>senyalament<\/strong> de les Esp\u00e8cies No-Ind\u00edgenes per part del <strong>p\u00fablic<\/strong> en general constitueixen <strong>eines essencials<\/strong> per <strong>anticipar i limitar<\/strong> el seu impacte. En participar en aquesta <strong>vigil\u00e0ncia col\u00b7lectiva<\/strong>, cada ciutad\u00e0 es converteix en un actor clau de la protecci\u00f3 de la biodiversitat i de la gesti\u00f3 dels ecosistemes.<\/p>\n<p>En compartir les vostres observacions, actueu concretament a diversos nivells:<\/p>\n<\/div><div class=\"fusion-content-boxes content-boxes columns row fusion-columns-2 fusion-columns-total-4 fusion-content-boxes-2 content-boxes-icon-on-top content-left has-flex-alignment\" style=\"--awb-backgroundcolor:var(--awb-custom_color_3);--awb-alignment:stretch;--awb-title-color:var(--awb-custom_color_4);--awb-item-margin-top:10px;--awb-hover-accent-color:var(--awb-color4);--awb-circle-hover-accent-color:var(--awb-color4);--awb-box-shadow:3px 3px 10px 3px var(--awb-color3);;\" data-animationOffset=\"top-into-view\"><div style=\"--awb-backgroundcolor:var(--awb-custom_color_3);\" class=\"fusion-column content-box-column content-box-column content-box-column-1 col-lg-6 col-md-6 col-sm-6 fusion-content-box-hover content-box-column-first-in-row\"><div class=\"col content-box-wrapper content-wrapper-background link-area-link-icon content-icon-wrapper-yes icon-hover-animation-fade fusion-animated\" data-animationType=\"slideInUp\" data-animationDuration=\"1.0\" data-animationOffset=\"top-into-view\"><div class=\"heading heading-with-icon icon-left\"><div aria-hidden=\"true\" class=\"image\"><img decoding=\"async\" class=\"lazyload\" src=\"data:image\/gif;base64,R0lGODlhAQABAAAAACH5BAEKAAEALAAAAAABAAEAAAICTAEAOw==\" data-orig-src=\"https:\/\/alien-occicat.obs-banyuls.fr\/wp-content\/uploads\/2026\/06\/ico_ALIEN-OCCICAT_Jumelles.svg\" width=\"150\" height=\"150\" alt=\"\" \/><\/div><h3 class=\"content-box-heading fusion-responsive-typography-calculated\" style=\"--h3_typography-font-size:24px;--fontSize:24;line-height:var(--awb-typography1-line-height);\">Detectar preco\u00e7ment les noves introduccions<\/h3><\/div><div class=\"fusion-clearfix\"><\/div><div class=\"content-container\">\n<p>Les esp\u00e8cies invasores actuen sovint en silenci abans de provocar dany irreversible. Com <strong>m\u00e9s aviat<\/strong> es detecti una introducci\u00f3, <strong>m\u00e9s<\/strong> possibilitats hi haur\u00e0 de contenir-la. Ara b\u00e9, els cient\u00edfics i els gestors no poden estar a tot arreu: com a usuaris del mar, sou els <strong>ulls del projecte<\/strong> sobre el terreny cada dia.<\/p>\n<\/div><\/div><\/div><div style=\"--awb-backgroundcolor:var(--awb-custom_color_3);\" class=\"fusion-column content-box-column content-box-column content-box-column-2 col-lg-6 col-md-6 col-sm-6 fusion-content-box-hover content-box-column-last-in-row\"><div class=\"col content-box-wrapper content-wrapper-background link-area-link-icon content-icon-wrapper-yes icon-hover-animation-fade fusion-animated\" data-animationType=\"slideInUp\" data-animationDuration=\"1.0\" data-animationOffset=\"top-into-view\"><div class=\"heading heading-with-icon icon-left\"><div aria-hidden=\"true\" class=\"image\"><img decoding=\"async\" class=\"lazyload\" src=\"data:image\/gif;base64,R0lGODlhAQABAAAAACH5BAEKAAEALAAAAAABAAEAAAICTAEAOw==\" data-orig-src=\"https:\/\/alien-occicat.obs-banyuls.fr\/wp-content\/uploads\/2026\/06\/ico_ALIEN-OCCICAT_Biodiversite.svg\" width=\"150\" height=\"150\" alt=\"\" \/><\/div><h3 class=\"content-box-heading fusion-responsive-typography-calculated\" style=\"--h3_typography-font-size:24px;--fontSize:24;line-height:var(--awb-typography1-line-height);\">Proteger la biodiversitat<\/h3><\/div><div class=\"fusion-clearfix\"><\/div><div class=\"content-container\">\n<p>A escala mundial, les esp\u00e8cies invasores constitueixen <strong>una de les cinc causes principals de l\u2019ensulsiament de la biodiversitat<\/strong> i estan implicades en el <strong>60% de les extincions d\u2019esp\u00e8cies<\/strong> (segons l\u2019IPBES). En senyalar la seva pres\u00e8ncia a la mar Mediterr\u00e0nia, actueu concretament per limitar la compet\u00e8ncia pels recursos, preservar els h\u00e0bitats clau, frenar la depredaci\u00f3 o contenir la difusi\u00f3 de noves malalties.<\/p>\n<\/div><\/div><\/div><div style=\"--awb-backgroundcolor:var(--awb-custom_color_3);\" class=\"fusion-column content-box-column content-box-column content-box-column-3 col-lg-6 col-md-6 col-sm-6 fusion-content-box-hover content-box-column-first-in-row\"><div class=\"col content-box-wrapper content-wrapper-background link-area-link-icon content-icon-wrapper-yes icon-hover-animation-fade fusion-animated\" data-animationType=\"slideInUp\" data-animationDuration=\"1.0\" data-animationOffset=\"top-into-view\"><div class=\"heading heading-with-icon icon-left\"><div aria-hidden=\"true\" class=\"image\"><img decoding=\"async\" class=\"lazyload\" src=\"data:image\/gif;base64,R0lGODlhAQABAAAAACH5BAEKAAEALAAAAAABAAEAAAICTAEAOw==\" data-orig-src=\"https:\/\/alien-occicat.obs-banyuls.fr\/wp-content\/uploads\/2026\/06\/ico_ALIEN-OCCICAT_Plan-de-travail-4.svg\" width=\"150\" height=\"150\" alt=\"ico_ALIEN-OCCICAT_Vaixell\" \/><\/div><h3 class=\"content-box-heading fusion-responsive-typography-calculated\" style=\"--h3_typography-font-size:24px;--fontSize:24;line-height:var(--awb-typography1-line-height);\">Donar suport als pescadors i als gestors<\/h3><\/div><div class=\"fusion-clearfix\"><\/div><div class=\"content-container\">\n<p>Els pescadors professionals i els gestors d\u2019espais naturals, com els parcs marins i les reserves, necessiten dades precises i actualitzades per ajustar les seves estrategies de gesti\u00f3. La vostra vigil\u00e0ncia ciutadana els permet anticipar les pertorbacions econ\u00f2miques, com la davallada de les captures de peixos locals o la degradaci\u00f3 de les xarxes, alhora que els ajuda a prioritzar les zones d\u2019acci\u00f3 per adaptar les <strong>mesures de gesti\u00f3<\/strong> de manera efica\u00e7.<\/p>\n<\/div><\/div><\/div><div style=\"--awb-backgroundcolor:var(--awb-custom_color_3);\" class=\"fusion-column content-box-column content-box-column content-box-column-4 col-lg-6 col-md-6 col-sm-6 fusion-content-box-hover content-box-column-last content-box-column-last-in-row\"><div class=\"col content-box-wrapper content-wrapper-background link-area-link-icon content-icon-wrapper-yes icon-hover-animation-fade fusion-animated\" data-animationType=\"slideInUp\" data-animationDuration=\"1.0\" data-animationOffset=\"top-into-view\"><div class=\"heading heading-with-icon icon-left\"><div aria-hidden=\"true\" class=\"image\"><img decoding=\"async\" class=\"lazyload\" src=\"data:image\/gif;base64,R0lGODlhAQABAAAAACH5BAEKAAEALAAAAAABAAEAAAICTAEAOw==\" data-orig-src=\"https:\/\/alien-occicat.obs-banyuls.fr\/wp-content\/uploads\/2026\/06\/ico_ALIEN-OCCICAT_Microscope.svg\" width=\"150\" height=\"150\" alt=\"\" \/><\/div><h3 class=\"content-box-heading fusion-responsive-typography-calculated\" style=\"--h3_typography-font-size:24px;--fontSize:24;line-height:var(--awb-typography1-line-height);\">Alimentar la recerca cient\u00edfica<\/h3><\/div><div class=\"fusion-clearfix\"><\/div><div class=\"content-container\">\n<p>Els cient\u00edfics sovint manquen de dades geogr\u00e0fiques sobre la distribuci\u00f3 i el comportament de les Esp\u00e8cies No-Ind\u00edgenes. Les vostres observacions en temps real permeten analitzar com i per qu\u00e8 una esp\u00e8cie prolifera, millorar els models predictius de propagaci\u00f3 davant del canvi clim\u00e0tic i, finalment, avaluar si les mesures de regulaci\u00f3 aplicades al litoral estan donant els resultats esperats.<\/p>\n<\/div><\/div><\/div><div class=\"fusion-clearfix\"><\/div><\/div><\/div><\/div><\/div><\/div><\/p>\n","protected":false},"excerpt":{"rendered":"","protected":false},"author":1,"featured_media":5099,"parent":0,"menu_order":0,"comment_status":"closed","ping_status":"closed","template":"100-width.php","meta":{"_acf_changed":false,"footnotes":""},"class_list":["post-4130","page","type-page","status-publish","has-post-thumbnail","hentry"],"acf":[],"_links":{"self":[{"href":"https:\/\/alien-occicat.obs-banyuls.fr\/ca\/wp-json\/wp\/v2\/pages\/4130","targetHints":{"allow":["GET"]}}],"collection":[{"href":"https:\/\/alien-occicat.obs-banyuls.fr\/ca\/wp-json\/wp\/v2\/pages"}],"about":[{"href":"https:\/\/alien-occicat.obs-banyuls.fr\/ca\/wp-json\/wp\/v2\/types\/page"}],"author":[{"embeddable":true,"href":"https:\/\/alien-occicat.obs-banyuls.fr\/ca\/wp-json\/wp\/v2\/users\/1"}],"replies":[{"embeddable":true,"href":"https:\/\/alien-occicat.obs-banyuls.fr\/ca\/wp-json\/wp\/v2\/comments?post=4130"}],"version-history":[{"count":15,"href":"https:\/\/alien-occicat.obs-banyuls.fr\/ca\/wp-json\/wp\/v2\/pages\/4130\/revisions"}],"predecessor-version":[{"id":5941,"href":"https:\/\/alien-occicat.obs-banyuls.fr\/ca\/wp-json\/wp\/v2\/pages\/4130\/revisions\/5941"}],"wp:featuredmedia":[{"embeddable":true,"href":"https:\/\/alien-occicat.obs-banyuls.fr\/ca\/wp-json\/wp\/v2\/media\/5099"}],"wp:attachment":[{"href":"https:\/\/alien-occicat.obs-banyuls.fr\/ca\/wp-json\/wp\/v2\/media?parent=4130"}],"curies":[{"name":"wp","href":"https:\/\/api.w.org\/{rel}","templated":true}]}}