{"id":4252,"date":"2026-07-02T13:01:59","date_gmt":"2026-07-02T11:01:59","guid":{"rendered":"https:\/\/alien.agenceidentity.fr\/credits\/"},"modified":"2026-08-31T10:39:28","modified_gmt":"2026-08-31T08:39:28","slug":"credits","status":"publish","type":"page","link":"https:\/\/alien-occicat.obs-banyuls.fr\/ca\/credits\/","title":{"rendered":"Cr\u00e8dits"},"content":{"rendered":"<div class=\"fusion-fullwidth fullwidth-box fusion-builder-row-1 fusion-flex-container has-pattern-background has-mask-background nonhundred-percent-fullwidth non-hundred-percent-height-scrolling\" style=\"--awb-border-radius-top-left:0px;--awb-border-radius-top-right:0px;--awb-border-radius-bottom-right:0px;--awb-border-radius-bottom-left:0px;--awb-flex-wrap:wrap;\" ><div class=\"fusion-builder-row fusion-row fusion-flex-align-items-flex-start fusion-flex-content-wrap\" style=\"max-width:1279.2px;margin-left: calc(-4% \/ 2 );margin-right: calc(-4% \/ 2 );\"><div class=\"fusion-layout-column fusion_builder_column fusion-builder-column-0 fusion_builder_column_3_4 3_4 fusion-flex-column\" style=\"--awb-bg-size:cover;--awb-width-large:75%;--awb-margin-top-large:0px;--awb-spacing-right-large:2.56%;--awb-margin-bottom-large:0px;--awb-spacing-left-large:2.56%;--awb-width-medium:75%;--awb-order-medium:0;--awb-spacing-right-medium:2.56%;--awb-spacing-left-medium:2.56%;--awb-width-small:100%;--awb-order-small:0;--awb-spacing-right-small:1.92%;--awb-spacing-left-small:1.92%;\"><div class=\"fusion-column-wrapper fusion-column-has-shadow fusion-flex-justify-content-flex-start fusion-content-layout-column\"><div class=\"fusion-title title fusion-title-1 fusion-sep-none fusion-title-text fusion-title-size-two\" style=\"--awb-margin-top-small:10px;--awb-margin-right-small:0px;--awb-margin-bottom-small:10px;--awb-margin-left-small:0px;\"><h2 class=\"fusion-title-heading title-heading-left fusion-responsive-typography-calculated\" style=\"margin:0;--fontSize:42;line-height:var(--awb-typography1-line-height);\">Imatges<\/h2><\/div><div class=\"fusion-text fusion-text-1 awb-text-cols fusion-text-columns-3\" style=\"--awb-font-size:13px;--awb-columns:3;--awb-column-spacing:2em;--awb-column-min-width:100px;\"><h4><strong>Inici<\/strong><\/h4>\n<p><em>Callinectes sapidus<\/em><br \/>\nMINKA \u00a9 xavi salvador costa <a href=\"https:\/\/creativecommons.org\/licenses\/by-nc\/4.0\/\">CC BY-NC 4.0<\/a><br \/>\n<a href=\"https:\/\/minka-sdg.org\/observations\/653348\">https:\/\/minka-sdg.org\/observations\/653348<\/a><\/p>\n<p><em>Asparagopsis armata<\/em><br \/>\nMINKA \u00a9 jastals <a href=\"https:\/\/creativecommons.org\/licenses\/by-nc\/4.0\/\">CC BY-NC 4.0<\/a><br \/>\n<a href=\"https:\/\/minka-sdg.org\/observations\/515653\">https:\/\/minka-sdg.org\/observations\/515653<\/a><\/p>\n<h4><strong>Projecte<\/strong><\/h4>\n<p><em>Rugulopteryx okamurae<\/em><br \/>\nMINKA \u00a9 xavi salvador costa <a href=\"https:\/\/creativecommons.org\/licenses\/by-nc\/4.0\/\">CC BY-NC 4.0<\/a><br \/>\n<a href=\"https:\/\/minka-sdg.org\/observations\/394302\">https:\/\/minka-sdg.org\/observations\/394302<\/a><\/p>\n<p><em>Fistularia commersonii<\/em><br \/>\nMINKA \u00a9 xavi salvador costa <a href=\"https:\/\/creativecommons.org\/licenses\/by-nc\/4.0\/\">CC BY-NC 4.0<\/a><br \/>\n<a href=\"https:\/\/minka-sdg.org\/observations\/31002\">https:\/\/minka-sdg.org\/observations\/31002<\/a><\/p>\n<p><em>Parablennius pilicornis<\/em><br \/>\nMINKA \u00a9 Antoni Salv\u00e0 <a href=\"https:\/\/creativecommons.org\/licenses\/by-nc\/4.0\/\">CC BY-NC 4.0<\/a><br \/>\n<a href=\"https:\/\/minka-sdg.org\/observations\/535406\">https:\/\/minka-sdg.org\/observations\/535406<\/a><\/p>\n<h4><strong>Esp\u00e8cies No-Ind\u00edgenes<br \/>\n<\/strong><\/h4>\n<h5><strong>Definicions<\/strong><\/h5>\n<p><em>Bugula neritina<\/em><br \/>\nMINKA \u00a9 xavi salvador costa <a href=\"https:\/\/creativecommons.org\/licenses\/by-nc\/4.0\/\">CC BY-NC 4.0<\/a><br \/>\n<a href=\"https:\/\/minka-sdg.org\/photos\/999868\">https:\/\/minka-sdg.org\/photos\/999868<\/a><\/p>\n<p><em>Arcuatula senhousia<\/em><br \/>\nMINKA \u00a9 xavi salvador costa <a href=\"https:\/\/creativecommons.org\/licenses\/by-nc\/4.0\/\">CC BY-NC 4.0<\/a><br \/>\n<a href=\"https:\/\/minka-sdg.org\/observations\/718491\">https:\/\/minka-sdg.org\/observations\/718491<\/a><\/p>\n<h5><strong>Noves observacions<\/strong><\/h5>\n<p><em>Codium fragile<\/em><br \/>\nMINKA \u00a9 xavi salvador costa <a href=\"https:\/\/creativecommons.org\/licenses\/by-nc\/4.0\/\">CC BY-NC 4.0<\/a><br \/>\n<a href=\"https:\/\/minka-sdg.org\/photos\/999595\">https:\/\/minka-sdg.org\/photos\/999595<\/a><\/p>\n<p><em>Alitta succinea<\/em><br \/>\nSLU Artdatabanken \u00a9 Fredrik Pleijel <a href=\"https:\/\/creativecommons.org\/publicdomain\/zero\/1.0\/deed.en\">CC0 1.0<\/a><br \/>\n<a href=\"https:\/\/artfakta.se\/taxa\/263384\/bilder\">https:\/\/artfakta.se\/taxa\/263384\/bilder<\/a><\/p>\n<p><em>Amphitritides gracilis<\/em><br \/>\niNaturalist United Kingdom \u00a9 Bernard Picton <a href=\"https:\/\/creativecommons.org\/licenses\/by-nc\/4.0\/\">CC BY-NC 4.0<\/a><br \/>\n<a href=\"https:\/\/www.inaturalist.org\/photos\/87282681\">https:\/\/www.inaturalist.org\/photos\/87282681<\/a><\/p>\n<p><em>Anadara transversa<\/em><br \/>\nJoop Trausel &amp; Frans Slieker, Natural History Museum Rotterdam (NMR) <a href=\"https:\/\/creativecommons.org\/licenses\/by-nc-sa\/3.0\/deed.en\">CC BY-NC-SA 3.0<\/a><br \/>\n<a href=\"https:\/\/malacopics.nl\/db\/beta\/showimage2.php?image=Anadara+transversa.jpg\">https:\/\/malacopics.nl\/db\/beta\/showimage2.<\/a><br \/>\n<a href=\"https:\/\/malacopics.nl\/db\/beta\/showimage2.php?image=Anadara+transversa.jpg\">php?image=Anadara+transversa.jpg<\/a><\/p>\n<p><em>Cirriformia filigera<\/em><br \/>\nOcean University of China \/ Hong Zhou <a href=\"https:\/\/creativecommons.org\/licenses\/by-nc-sa\/3.0\/deed.en\">CC BY-NC-SA 3.0<\/a><br \/>\n<a href=\"https:\/\/eol.org\/media\/30528930\">https:\/\/eol.org\/media\/30528930<\/a><\/p>\n<p><em>Desdemona ornata<\/em><br \/>\nFaasse, M. A. (2016). Figure 1 in Dispersal of the invasive tubeworms <em>Desdemona ornata<\/em> and <em>Pseudopolydora paucibranchiata<\/em> to the Netherlands (Polychaeta: Sedentaria). Nederlandse Faunistische Mededelingen, 46, 49\u201356.<br \/>\nFaasse, M. A. (2016), Nederlandse Faunistische Mededelingen <a href=\"https:\/\/creativecommons.org\/licenses\/by\/4.0\/deed.en\">CC BY 4.0<\/a><br \/>\n<a href=\"https:\/\/repository.naturalis.nl\/pub\/671695\">https:\/\/repository.naturalis.nl\/pub\/671695<\/a><\/p>\n<p><em>Dipolydora socialis<\/em><br \/>\nAbe H, Sato\u2010Okoshi W (2021) FIGURE 7 in Molecular identification and larval morphology of spionid polychaetes (Annelida, Spionidae) from northeastern Japan. ZooKeys 1015: 1-86. <a href=\"https:\/\/doi.org\/10.3897\/zookeys.1015.54387\">https:\/\/doi.org\/10.3897\/zookeys.1015.54387<\/a><br \/>\nAbe &amp; Sato-Okoshi (2021), ZooKeys <a href=\"https:\/\/creativecommons.org\/licenses\/by\/4.0\/deed.en\">CC BY 4.0<\/a><br \/>\n<a href=\"https:\/\/zookeys.pensoft.net\/article\/54387\/element\/2\/18\/\">https:\/\/zookeys.pensoft.net\/article\/54387\/<\/a><br \/>\n<a href=\"https:\/\/zookeys.pensoft.net\/article\/54387\/element\/2\/18\/\">element\/2\/18\/<\/a><\/p>\n<p><em>Farfantepenaeus aztecus<\/em><br \/>\nAmbre Chabert <a href=\"https:\/\/creativecommons.org\/publicdomain\/zero\/1.0\/deed.en\">CC0 1.0<\/a><\/p>\n<p><em>Grandidierella japonicoides<\/em><br \/>\nWikimedia Commons \u00a9 NO67 <a href=\"https:\/\/creativecommons.org\/licenses\/by-nc-sa\/4.0\/deed.en\">CC BY-SA 4.0<\/a><br \/>\n<a href=\"https:\/\/commons.wikimedia.org\/wiki\/File:Grandidierella_japonica_male.png\">https:\/\/commons.wikimedia.org\/wiki\/<\/a><br \/>\n<a href=\"https:\/\/commons.wikimedia.org\/wiki\/File:Grandidierella_japonica_male.png\">File:Grandidierella_japonica_male.png<\/a><\/p>\n<p><em>Lysidice collaris<\/em><br \/>\nFlorida Museum of Natural History Invertebrate Zoology <a href=\"https:\/\/creativecommons.org\/licenses\/by-nc\/4.0\/\">CC BY-NC 4.0<\/a><br \/>\n<a href=\"https:\/\/cdn.floridamuseum.ufl.edu\/\">https:\/\/cdn.floridamuseum.ufl.edu\/<\/a><\/p>\n<p><em>Neanthes kerguelensis<\/em><br \/>\nNatural History Museum, London <a href=\"https:\/\/creativecommons.org\/publicdomain\/zero\/1.0\/deed.en\">CC0 1.0<\/a><br \/>\n<a href=\"https:\/\/data.nhm.ac.uk\/dataset\/collection-specimens\/resource\/05ff2255-c38a-40c9-b657-4ccb55ab2feb\/record\/3535098\">https:\/\/data.nhm.ac.uk\/dataset\/collection-specimens\/resource\/05ff2255-c38a-40c9-b657-4ccb55ab2feb\/record\/3535098<\/a><\/p>\n<p><em>Neopseudocapitella brasiliensis<\/em><br \/>\nCosta, D.A., Dolbeth, M., Prata, J., da Silva, F.A., da Silva, G.M.B., de Freitas, P.R.S., Christoffersen, M.L., de Lima, S.F.B., Massei, K., de Lucena, R.F.P. (2021) Figure 5d in Marine invertebrates associated with rhodoliths\/ma\u00ebrl beds from northeast Brazil (State of Para\u00edba). Biodiversity Data Journal 9: e62736. <a href=\"https:\/\/doi.org\/10.3897\/BDJ.9.e62736\">https:\/\/doi.org\/10.3897\/BDJ.9.e62736<\/a><br \/>\nPrata, J. (Costa et al., 2021), Biodiversity Data Journal <a href=\"https:\/\/creativecommons.org\/licenses\/by\/4.0\/deed.en\">CC BY 4.0<\/a><br \/>\n<a href=\"https:\/\/commons.wikimedia.org\/wiki\/File:Neopseudocapitella_brasiliensis_(10.3897-BDJ.9.e62736)_Figure_5_d.jpg\">https:\/\/commons.wikimedia.org\/wiki\/<\/a><br \/>\n<a href=\"https:\/\/commons.wikimedia.org\/wiki\/File:Neopseudocapitella_brasiliensis_(10.3897-BDJ.9.e62736)_Figure_5_d.jpg\">File:Neopseudocapitella_brasiliensis_(10.3897-BDJ.9.e62736)_Figure_5_d.jpg<\/a><\/p>\n<p><em>Notomastus aberans<\/em><br \/>\nGarcia, Maria &amp; De Leon-Gonz\u00e1lez, Jes\u00fas &amp; Tovar-Hern\u00e1ndez, Mar\u00eda Ana. (2019) Figure 2 in Catalogue of <em>Notomastus<\/em> M. Sars, 1851 (Annelida, Capitellidae) and the description of a new species from the Gulf of California. Zootaxa. 4577(2): 249. <a href=\"https:\/\/doi.org\/10.11646\/zootaxa.4577.2.2\">https:\/\/doi.org\/10.11646\/zootaxa.4577.2.2<\/a><br \/>\nGarc\u00eda-Garza et al. (2019), Zootaxa <a href=\"https:\/\/creativecommons.org\/licenses\/by\/4.0\/deed.en\">CC BY 4.0<\/a><br \/>\n<a href=\"https:\/\/www.researchgate.net\/figure\/Species-of-Notomastus-a-N-aberans-holotype-anterior-end-dorsolateral-view-MGS-b_fig2_332231206\">https:\/\/www.researchgate.net\/figure\/Species-of-Notomastus-a-N-aberans-holotype-anterior-end-dorsolateral-view-MGS-b_fig2_332231206<\/a><\/p>\n<p><em>Paracerceis sculpta<\/em><br \/>\nDa\u011fli, E., Bakir, K., G\u00fcnde\u011fer, G., Nerlovic, V., &amp; Do\u011fan, A. (2024). Review of marine alien isopods in T\u00fcrkiye with two new records: of Paracerceis sculpta and Paranthura japonica. Mediterranean Marine Science, 25(1), 204\u2013212. <a href=\"https:\/\/doi.org\/10.12681\/mms.35528\">https:\/\/doi.org\/10.12681\/mms.35528<\/a><br \/>\nDa\u011fli et al. (2024), Mediterranean Marine Science <a href=\"https:\/\/creativecommons.org\/licenses\/by\/4.0\/deed.en\">CC BY 4.0<\/a><br \/>\n<a href=\"https:\/\/www.researchgate.net\/figure\/Dorsal-view-of-male-and-female-individuals-of-Paracerceis-sculpta-Scale-bar-1-mm_fig2_380263680\">https:\/\/www.researchgate.net\/figure\/Dorsal-view-of-male-and-female-individuals-of-Paracerceis-sculpta-Scale-bar-1-mm_fig2_380263680<\/a><\/p>\n<p><em>Paranthura japonica<\/em><br \/>\n\u00a9 Melissa Frey \/ Royal BC Museum (License Not Specified)<br \/>\n<a href=\"https:\/\/invasions.si.edu\/nemesis\/species_summary\/-266\">https:\/\/invasions.si.edu\/nemesis\/<\/a><br \/>\n<a href=\"https:\/\/invasions.si.edu\/nemesis\/species_summary\/-266\">species_summary\/-266<\/a><\/p>\n<p><em>Piromis eruca<\/em><br \/>\nSalazar-Vallejo, S. I. (2011) FIGURE 5 in Revision of <em>Piromis<\/em> Kinberg, 1867 and <em>Pycnoderma<\/em> Grube, 1877 (Polychaeta: Flabelligeridae). Zootaxa 2819: 1-50. Zenodo.<br \/>\n\u00a9 Salazar-Vallejo, S. I. (License Not Specified)<br \/>\n<a href=\"https:\/\/doi.org\/10.5281\/zenodo.277216\">https:\/\/doi.org\/10.5281\/zenodo.277216<\/a><\/p>\n<p><em>Pseudopolydora paucibranchiata<\/em><br \/>\nFaasse, M. A. (2016). Figure 4 in Dispersal of the invasive tubeworms <em>Desdemona ornata<\/em> and <em>Pseudopolydora paucibranchiata<\/em> to the Netherlands (Polychaeta: Sedentaria). Nederlandse Faunistische Mededelingen, 46, 49\u201356.<br \/>\nFaasse, M. A. (2016), Nederlandse Faunistische Mededelingen <a href=\"https:\/\/creativecommons.org\/licenses\/by\/4.0\/deed.en\">CC BY 4.0<\/a><br \/>\n<a href=\"https:\/\/repository.naturalis.nl\/pub\/671695\">https:\/\/repository.naturalis.nl\/pub\/671695<\/a><\/p>\n<p><em>Sigambra parva<\/em><br \/>\nMoreira, Juan &amp; Parapar, Julio. (2002). Figure 2 in Redescription of Sigambra tentaculata and re-establishment of S. parva (Polychaeta, Pilargidae) based upon type material. Cahiers de Biologie Marine.<br \/>\nMoreira, J. &amp; Parapar, J. (2002), Cahiers de Biologie Marine (License Not Specified)<br \/>\n<a href=\"https:\/\/www.researchgate.net\/figure\/Sigambra-parva-Day-1963-Columbretes-specimen-with-an-everted-proboscis-A-Anterior_fig2_235636193\">https:\/\/www.researchgate.net\/figure\/Sigambra-parva-Day-1963-Columbretes-specimen-with-an-everted-proboscis-A-Anterior_fig2_235636193<\/a><\/p>\n<p><em>Ascidiella aspersa<\/em><br \/>\nMINKA \u00a9 xavi salvador costa <a href=\"https:\/\/creativecommons.org\/licenses\/by-nc\/4.0\/\">CC BY-NC 4.0<\/a><br \/>\n<a href=\"https:\/\/minka-sdg.org\/observations\/718652\">https:\/\/minka-sdg.org\/observations\/718652<\/a><\/p>\n<h5><strong>Sota vigil\u00e0ncia<\/strong><\/h5>\n<p><em>Clavelina lepadiformis<\/em><br \/>\nMINKA \u00a9 xavi salvador costa <a href=\"https:\/\/creativecommons.org\/licenses\/by-nc\/4.0\/\">CC BY-NC 4.0<\/a><br \/>\n<a href=\"https:\/\/minka-sdg.org\/observations\/718763\">https:\/\/minka-sdg.org\/observations\/718763<\/a><\/p>\n<p><em>Ascidiella aspersa<\/em><br \/>\nMINKA \u00a9 xavi salvador costa <a href=\"https:\/\/creativecommons.org\/licenses\/by-nc\/4.0\/\">CC BY-NC 4.0<\/a><br \/>\n<a href=\"https:\/\/minka-sdg.org\/observations\/718652\">https:\/\/minka-sdg.org\/observations\/718652<\/a><\/p>\n<h4>Not\u00edcies<\/h4>\n<p><em>Rhithropanopeus harrisii<\/em><br \/>\nMINKA \u00a9 xavi salvador costa <a href=\"https:\/\/creativecommons.org\/licenses\/by-nc\/4.0\/\">CC BY-NC 4.0<\/a><br \/>\n<a href=\"https:\/\/minka-sdg.org\/photos\/999978\">https:\/\/minka-sdg.org\/photos\/999978<\/a><\/p>\n<h4><strong>Contribuir<\/strong><\/h4>\n<p><em>Asparagopsis taxiformis<\/em><br \/>\nMINKA \u00a9 xavi salvador costa <a href=\"https:\/\/creativecommons.org\/licenses\/by-nc\/4.0\/\">CC BY-NC 4.0<\/a><br \/>\n<a href=\"https:\/\/minka-sdg.org\/observations\/593820\">https:\/\/minka-sdg.org\/observations\/593820<\/a><\/p>\n<p><em>Clavelina oblonga<\/em><br \/>\nMINKA \u00a9 manelsalvador <a href=\"https:\/\/creativecommons.org\/licenses\/by-nc\/4.0\/\">CC BY-NC 4.0<\/a><br \/>\n<a href=\"https:\/\/minka-sdg.org\/observations\/712916\">https:\/\/minka-sdg.org\/observations\/712916<\/a><\/p>\n<h6><strong>Avis legal, Cr\u00e8dits, i Politica de privadesa<\/strong><\/h6>\n<p><em>Clavelina lepadiformis<\/em><br \/>\nMINKA \u00a9 M\u00f3nica Franco Maimir <a href=\"https:\/\/creativecommons.org\/licenses\/by-nc\/4.0\/\">CC BY-NC 4.0<\/a><br \/>\n<a href=\"https:\/\/minka-sdg.org\/observations\/728576\">https:\/\/minka-sdg.org\/observations\/728576<\/a><\/p>\n<\/div><\/div><\/div><div class=\"fusion-layout-column fusion_builder_column fusion-builder-column-1 fusion_builder_column_1_4 1_4 fusion-flex-column\" style=\"--awb-padding-top:10%;--awb-padding-right:6%;--awb-padding-bottom:10%;--awb-padding-left:6%;--awb-overflow:hidden;--awb-bg-color:hsla(var(--awb-color2-h),var(--awb-color2-s),var(--awb-color2-l),calc(var(--awb-color2-a) - 10%));--awb-bg-color-hover:hsla(var(--awb-color2-h),var(--awb-color2-s),var(--awb-color2-l),calc(var(--awb-color2-a) - 10%));--awb-bg-size:cover;--awb-border-radius:10px 10px 10px 10px;--awb-width-large:25%;--awb-margin-top-large:0px;--awb-spacing-right-large:3.84%;--awb-margin-bottom-large:0px;--awb-spacing-left-large:0%;--awb-width-medium:25%;--awb-order-medium:0;--awb-spacing-right-medium:3.84%;--awb-spacing-left-medium:0%;--awb-width-small:100%;--awb-order-small:0;--awb-spacing-right-small:1.92%;--awb-spacing-left-small:1.92%;\"><div class=\"fusion-column-wrapper fusion-column-has-shadow fusion-flex-justify-content-flex-start fusion-content-layout-column\"><div class=\"fusion-image-element\" style=\"text-align:center;--awb-margin-bottom:30px;--awb-max-width:300px;--awb-caption-title-font-family:var(--h2_typography-font-family);--awb-caption-title-font-weight:var(--h2_typography-font-weight);--awb-caption-title-font-style:var(--h2_typography-font-style);--awb-caption-title-size:var(--h2_typography-font-size);--awb-caption-title-transform:var(--h2_typography-text-transform);--awb-caption-title-line-height:var(--h2_typography-line-height);--awb-caption-title-letter-spacing:var(--h2_typography-letter-spacing);\"><span class=\" fusion-imageframe imageframe-none imageframe-1 hover-type-none\"><img decoding=\"async\" width=\"741\" height=\"460\" alt=\"Logo_ALIEN-OCCICAT_quadri\" title=\"Logo_ALIEN-OCCICAT_quadri\" src=\"https:\/\/alien-occicat.obs-banyuls.fr\/wp-content\/uploads\/2026\/06\/Logo_ALIEN-OCCICAT_quadri.png\" data-orig-src=\"https:\/\/alien-occicat.obs-banyuls.fr\/wp-content\/uploads\/2026\/06\/Logo_ALIEN-OCCICAT_quadri.png\" class=\"lazyload img-responsive wp-image-3451\" srcset=\"data:image\/svg+xml,%3Csvg%20xmlns%3D%27http%3A%2F%2Fwww.w3.org%2F2000%2Fsvg%27%20width%3D%27741%27%20height%3D%27460%27%20viewBox%3D%270%200%20741%20460%27%3E%3Crect%20width%3D%27741%27%20height%3D%27460%27%20fill-opacity%3D%220%22%2F%3E%3C%2Fsvg%3E\" data-srcset=\"https:\/\/alien-occicat.obs-banyuls.fr\/wp-content\/uploads\/2026\/06\/Logo_ALIEN-OCCICAT_quadri-200x124.png 200w, https:\/\/alien-occicat.obs-banyuls.fr\/wp-content\/uploads\/2026\/06\/Logo_ALIEN-OCCICAT_quadri-400x248.png 400w, https:\/\/alien-occicat.obs-banyuls.fr\/wp-content\/uploads\/2026\/06\/Logo_ALIEN-OCCICAT_quadri-600x372.png 600w, https:\/\/alien-occicat.obs-banyuls.fr\/wp-content\/uploads\/2026\/06\/Logo_ALIEN-OCCICAT_quadri.png 741w\" data-sizes=\"auto\" data-orig-sizes=\"(max-width: 800px) 100vw, 400px\" \/><\/span><\/div><div class=\"fusion-separator fusion-full-width-sep\" style=\"align-self: center;margin-left: auto;margin-right: auto;margin-bottom:30px;width:100%;\"><div class=\"fusion-separator-border sep-single sep-solid\" style=\"--awb-height:20px;--awb-amount:20px;border-color:var(--awb-color3);border-top-width:2px;\"><\/div><\/div><div class=\"fusion-title title fusion-title-2 fusion-sep-none fusion-title-text fusion-title-size-three\" style=\"--awb-margin-top-small:10px;--awb-margin-right-small:0px;--awb-margin-bottom-small:10px;--awb-margin-left-small:0px;\"><h3 class=\"fusion-title-heading title-heading-left fusion-responsive-typography-calculated\" style=\"margin:0;--fontSize:36;line-height:var(--awb-typography1-line-height);\">Enlla\u00e7os \u00fatils<\/h3><\/div><nav class=\"awb-menu awb-menu_column awb-menu_em-hover mobile-mode-collapse-to-button awb-menu_icons-left awb-menu_dc-yes mobile-trigger-fullwidth-off awb-menu_mobile-toggle awb-menu_indent-left awb-menu_mt-align-flex-start mobile-size-full-absolute loading mega-menu-loading awb-menu_desktop awb-menu_dropdown awb-menu_expand-right awb-menu_transition-fade\" style=\"--awb-gap:5px;--awb-items-padding-left:15px;--awb-color:var(--awb-color7);--awb-active-color:var(--awb-custom_color_5);--awb-active-border-top:0px;--awb-active-border-right:0px;--awb-active-border-bottom:0px;--awb-active-border-left:3px;--awb-active-border-color:var(--awb-custom_color_5);--awb-main-justify-content:flex-start;--awb-mobile-justify:flex-start;--awb-mobile-caret-left:auto;--awb-mobile-caret-right:0;--awb-fusion-font-family-typography:inherit;--awb-fusion-font-style-typography:normal;--awb-fusion-font-weight-typography:400;--awb-fusion-font-family-submenu-typography:inherit;--awb-fusion-font-style-submenu-typography:normal;--awb-fusion-font-weight-submenu-typography:400;--awb-fusion-font-family-mobile-typography:inherit;--awb-fusion-font-style-mobile-typography:normal;--awb-fusion-font-weight-mobile-typography:400;\" aria-label=\"Menu infos l\u00e9gales\" data-breakpoint=\"1100\" data-count=\"0\" data-transition-type=\"center-grow\" data-transition-time=\"300\" data-expand=\"right\"><button type=\"button\" class=\"awb-menu__m-toggle awb-menu__m-toggle_no-text\" aria-expanded=\"false\" aria-controls=\"menu-menu-infos-legales\"><span class=\"awb-menu__m-toggle-inner\"><span class=\"collapsed-nav-text\"><span class=\"screen-reader-text\">Toggle Navigation<\/span><\/span><span class=\"awb-menu__m-collapse-icon awb-menu__m-collapse-icon_no-text\"><span class=\"awb-menu__m-collapse-icon-open awb-menu__m-collapse-icon-open_no-text fa-bars fas\"><\/span><span class=\"awb-menu__m-collapse-icon-close awb-menu__m-collapse-icon-close_no-text fa-times fas\"><\/span><\/span><\/span><\/button><ul id=\"menu-menu-infos-legales-catalan\" class=\"fusion-menu awb-menu__main-ul awb-menu__main-ul_column\"><li  id=\"menu-item-4392\"  class=\"menu-item menu-item-type-post_type menu-item-object-page menu-item-4392 awb-menu__li awb-menu__main-li awb-menu__main-li_regular\"  data-item-id=\"4392\"><span class=\"awb-menu__main-background-default awb-menu__main-background-default_center-grow\"><\/span><span class=\"awb-menu__main-background-active awb-menu__main-background-active_center-grow\"><\/span><a  href=\"https:\/\/alien-occicat.obs-banyuls.fr\/ca\/avis-legal\/\" class=\"awb-menu__main-a awb-menu__main-a_regular\"><span class=\"menu-text\">Av\u00eds legal<\/span><\/a><\/li><li  id=\"menu-item-4393\"  class=\"menu-item menu-item-type-post_type menu-item-object-page menu-item-4393 awb-menu__li awb-menu__main-li awb-menu__main-li_regular\"  data-item-id=\"4393\"><span class=\"awb-menu__main-background-default awb-menu__main-background-default_center-grow\"><\/span><span class=\"awb-menu__main-background-active awb-menu__main-background-active_center-grow\"><\/span><a  href=\"https:\/\/alien-occicat.obs-banyuls.fr\/ca\/credits\/\" class=\"awb-menu__main-a awb-menu__main-a_regular\"><span class=\"menu-text\">Cr\u00e8dits<\/span><\/a><\/li><li  id=\"menu-item-4394\"  class=\"menu-item menu-item-type-post_type menu-item-object-page menu-item-4394 awb-menu__li awb-menu__main-li awb-menu__main-li_regular\"  data-item-id=\"4394\"><span class=\"awb-menu__main-background-default awb-menu__main-background-default_center-grow\"><\/span><span class=\"awb-menu__main-background-active awb-menu__main-background-active_center-grow\"><\/span><a  href=\"https:\/\/alien-occicat.obs-banyuls.fr\/ca\/accessibilitat\/\" class=\"awb-menu__main-a awb-menu__main-a_regular\"><span class=\"menu-text\">Accessibilitat<\/span><\/a><\/li><li  id=\"menu-item-4395\"  class=\"menu-item menu-item-type-post_type menu-item-object-page menu-item-privacy-policy menu-item-4395 awb-menu__li awb-menu__main-li awb-menu__main-li_regular\"  data-item-id=\"4395\"><span class=\"awb-menu__main-background-default awb-menu__main-background-default_center-grow\"><\/span><span class=\"awb-menu__main-background-active awb-menu__main-background-active_center-grow\"><\/span><a  href=\"https:\/\/alien-occicat.obs-banyuls.fr\/ca\/politica-de-privadesa\/\" class=\"awb-menu__main-a awb-menu__main-a_regular\"><span class=\"menu-text\">Pol\u00edtica de privadesa<\/span><\/a><\/li><\/ul><\/nav><div class=\"fusion-separator fusion-full-width-sep\" style=\"align-self: center;margin-left: auto;margin-right: auto;margin-top:30px;margin-bottom:30px;width:100%;\"><div class=\"fusion-separator-border sep-single sep-solid\" style=\"--awb-height:20px;--awb-amount:20px;--awb-sep-color:var(--awb-color1);border-color:var(--awb-color1);border-top-width:2px;\"><\/div><\/div><ul style=\"--awb-line-height:27.2px;--awb-icon-width:27.2px;--awb-icon-height:27.2px;--awb-icon-margin:11.2px;--awb-content-margin:38.4px;--awb-circlecolor:var(--awb-custom_color_4);--awb-circle-yes-font-size:14.08px;\" class=\"fusion-checklist fusion-checklist-1 fusion-checklist-default type-icons\"><li class=\"fusion-li-item\" style=\"\"><span class=\"icon-wrapper circle-yes\"><i class=\"fusion-li-icon fa-at fas\" aria-hidden=\"true\"><\/i><\/span><div class=\"fusion-li-item-content\">\n<p>contact[@]alien-occicat.fr<\/p>\n<\/div><\/li><\/ul><\/div><\/div>\n<div class=\"fusion-layout-column fusion_builder_column fusion-builder-column-2 fusion_builder_column_3_4 3_4 fusion-flex-column\" style=\"--awb-padding-top:40px;--awb-bg-size:cover;--awb-width-large:75%;--awb-margin-top-large:0px;--awb-spacing-right-large:2.56%;--awb-margin-bottom-large:0px;--awb-spacing-left-large:2.56%;--awb-width-medium:75%;--awb-order-medium:0;--awb-spacing-right-medium:2.56%;--awb-spacing-left-medium:2.56%;--awb-width-small:100%;--awb-order-small:0;--awb-spacing-right-small:1.92%;--awb-spacing-left-small:1.92%;\"><div class=\"fusion-column-wrapper fusion-column-has-shadow fusion-flex-justify-content-flex-start fusion-content-layout-column\"><div class=\"fusion-text fusion-text-2\" style=\"--awb-font-size:13px;\"><h2><b>Il\u00b7lustracions<\/b><\/h2>\n<p>Il\u00b7lustracions p\u00e0gina<em> Sota vigil\u00e0ncia<\/em>:<br \/>\n<b>Juan VARELA<\/b> (Centre de Cooperaci\u00f3 per a la Mediterr\u00e0nia de la UICN, MedMIS, Data 22\/05\/26)<\/p>\n<p>&nbsp;<\/p>\n<h2><b>Refer\u00e8ncies bibliogr\u00e0fiques<\/b><\/h2>\n<h3><b>Fitxes d&#8217;esp\u00e8cies<\/b><\/h3>\n<\/div><div class=\"accordian fusion-accordian\" style=\"--awb-border-size:1px;--awb-icon-size:16px;--awb-icon-alignment:left;--awb-hover-color:var(--awb-color2);--awb-border-color:var(--awb-color3);--awb-background-color:var(--awb-color1);--awb-divider-color:var(--awb-color3);--awb-divider-hover-color:var(--awb-color3);--awb-icon-color:var(--awb-color1);--awb-title-color:var(--awb-color8);--awb-content-color:var(--awb-color8);--awb-icon-box-color:var(--awb-color8);--awb-toggle-hover-accent-color:var(--awb-custom_color_4);--awb-title-font-family:&quot;Lexend&quot;;--awb-title-font-weight:500;--awb-title-font-style:normal;--awb-content-font-family:&quot;Lexend&quot;;--awb-content-font-style:normal;--awb-content-font-weight:500;\"><div class=\"panel-group fusion-toggle-icon-boxed\" id=\"accordion-4252-1\"><div class=\"fusion-panel panel-default panel-76e141f5087f4344a fusion-toggle-has-divider\" style=\"--awb-title-color:var(--awb-color8);--awb-content-color:var(--awb-color8);\"><div class=\"panel-heading\"><h4 class=\"panel-title toggle\" id=\"toggle_76e141f5087f4344a\"><a aria-expanded=\"false\" aria-controls=\"76e141f5087f4344a\" role=\"button\" data-toggle=\"collapse\" data-parent=\"#accordion-4252-1\" data-target=\"#76e141f5087f4344a\" href=\"#76e141f5087f4344a\"><span class=\"fusion-toggle-icon-wrapper\" aria-hidden=\"true\"><i class=\"fa-fusion-box active-icon awb-icon-minus\" aria-hidden=\"true\"><\/i><i class=\"fa-fusion-box inactive-icon awb-icon-plus\" aria-hidden=\"true\"><\/i><\/span><span class=\"fusion-toggle-heading\">Asparagopsis spp.<\/span><\/a><\/h4><\/div><div id=\"76e141f5087f4344a\" class=\"panel-collapse collapse \" aria-labelledby=\"toggle_76e141f5087f4344a\"><div class=\"panel-body toggle-content fusion-clearfix\">\n<p>N\u00ed Chual\u00e1in, F., Maggs, C. A., Saunders, G. W., &amp; Guiry, M. D. (2004). The invasive genus Asparagopsis (Bonnemaisoniaceae, Rhodophyta): Molecular systematics, morphology, and ecophysiology of Falkenbergia isolates. <em>Journal of Phycology<\/em>, <em>40<\/em>(6), 1112\u20131126.<a href=\"https:\/\/doi.org\/10.1111\/j.1529-8817.2004.03135.x\"> https:\/\/doi.org\/10.1111\/j.1529-8817.2004.03135.x<\/a><\/p>\n<p>Roque, B. M., Venegas, M., Kinley, R. D., De Nys, R., Duarte, T. L., Yang, X., &amp; Kebreab, E. (2021). Red seaweed (Asparagopsis taxiformis) supplementation reduces enteric methane by over 80 percent in beef steers. <em>PLoS ONE<\/em>, <em>16<\/em>(3 March).<a href=\"https:\/\/doi.org\/10.1371\/journal.pone.0247820\"> https:\/\/doi.org\/10.1371\/journal.pone.0247820<\/a><\/p>\n<p>Van der Loos, L. M., Bafort, Q., Bosch, S., Ballesteros, E., B\u00e1rbara, I., Berecibar, E., Blanfun\u00e9, A., Bogaert, K., Bouckenooghe, S., Boudouresque, C. F., Brodie, J., Cecere, E., D\u00edaz-Tapia, P., Engelen, A. H., Gunnarsson, K., Shabaka, S. H., Hoffman, R., Husa, V., Israel, \u00c1., \u2026 De Clerck, O. (2024). Non-indigenous seaweeds in the Northeast Atlantic Ocean, the Mediterranean Sea and Macaronesia: a critical synthesis of diversity, spatial and temporal patterns. <em>European Journal of Phycology<\/em>, <em>59<\/em>(2), 127\u2013156. <a href=\"https:\/\/doi.org\/10.1080\/09670262.2023.2256828\">https:\/\/doi.org\/10.1080\/09670262.2023.2256828<\/a><\/p>\n<p>Zanolla, M., Carmona, R., Mata, L., De la Rosa, J., Sherwood, A., Barranco, C. N., Mu\u00f1oz, A. R., &amp; Altamirano, M. (2022). Concise review of the genus Asparagopsis Montagne, 1840. In <em>Journal of Applied Phycology<\/em> (Vol. 34, Number 1). Springer Science and Business Media B.V. <a href=\"https:\/\/doi.org\/10.1007\/s10811-021-02665-z\">https:\/\/doi.org\/10.1007\/s10811-021-02665-z<\/a><\/p>\n<p>Image:<br \/>\n<em>Asparagopsis spp. (tetrasporophyte)<\/em><br \/>\nMINKA \u00a9 Juanitapujana <a href=\"https:\/\/creativecommons.org\/licenses\/by-nc\/4.0\/\">CC BY-NC 4.0<\/a><br \/>\n<a href=\"https:\/\/minka-sdg.org\/observations\/833234\">https:\/\/minka-sdg.org\/observations\/833234<\/a><\/p>\n<\/div><\/div><\/div><div class=\"fusion-panel panel-default panel-c7ffafc941f1a01c7 fusion-toggle-has-divider\" style=\"--awb-title-color:var(--awb-color8);--awb-content-color:var(--awb-color8);\"><div class=\"panel-heading\"><h4 class=\"panel-title toggle\" id=\"toggle_c7ffafc941f1a01c7\"><a aria-expanded=\"false\" aria-controls=\"c7ffafc941f1a01c7\" role=\"button\" data-toggle=\"collapse\" data-parent=\"#accordion-4252-1\" data-target=\"#c7ffafc941f1a01c7\" href=\"#c7ffafc941f1a01c7\"><span class=\"fusion-toggle-icon-wrapper\" aria-hidden=\"true\"><i class=\"fa-fusion-box active-icon awb-icon-minus\" aria-hidden=\"true\"><\/i><i class=\"fa-fusion-box inactive-icon awb-icon-plus\" aria-hidden=\"true\"><\/i><\/span><span class=\"fusion-toggle-heading\">Callinectes sapidus<\/span><\/a><\/h4><\/div><div id=\"c7ffafc941f1a01c7\" class=\"panel-collapse collapse \" aria-labelledby=\"toggle_c7ffafc941f1a01c7\"><div class=\"panel-body toggle-content fusion-clearfix\">\n<p><span style=\"font-weight: 400;\">Castriota, L., Falautano, M., &amp; Perzia, P. (2024). When Nature Requires a Resource to Be Used\u2014The Case of Callinectes sapidus: Distribution, Aggregation Patterns, and Spatial Structure in Northwest Europe, the Mediterranean Sea, and Adjacent Waters. <\/span><i><span style=\"font-weight: 400;\">Biology<\/span><\/i><span style=\"font-weight: 400;\">, <\/span><i><span style=\"font-weight: 400;\">13<\/span><\/i><span style=\"font-weight: 400;\">(4). <a href=\"https:\/\/doi.org\/10.3390\/biology13040279\">https:\/\/doi.org\/10.3390\/biology13040279<\/a><\/span><\/p>\n<p><span style=\"font-weight: 400;\">Goulletquer, P. (2016). <\/span><i><span style=\"font-weight: 400;\">Guide des organismes exotiques marins. Collection R\u00e9f\u00e9rences nature<\/span><\/i><span style=\"font-weight: 400;\">. Ed. Belin, Paris, 304.<\/span><\/p>\n<p><span style=\"font-weight: 400;\">Nehring, S. (2011). Invasion History and Success of the American Blue Crab Callinectes sapidus in European and Adjacent Waters. In <\/span><i><span style=\"font-weight: 400;\">In the Wrong Place &#8211; Alien Marine Crustaceans: Distribution, Biology and Impacts<\/span><\/i><span style=\"font-weight: 400;\"> (pp. 607\u2013624). Springer Netherlands. <a href=\"https:\/\/doi.org\/10.1007\/978-94-007-0591-3_21\">https:\/\/doi.org\/10.1007\/978-94-007-0591-3_21<\/a><\/span><\/p>\n<p><span style=\"font-weight: 400;\">Prado, P., Catal\u00e0, I., Alcaraz, C., Barber\u00e0, M. D. C., Guijarro-Garc\u00eda, E., &amp; Falco, S. (2025). Salinity patterns and local migration determine the isotopic composition of the invasive blue crab, Callinectes sapidus, along the Spanish Mediterranean coast. <\/span><i><span style=\"font-weight: 400;\">PLoS ONE<\/span><\/i><span style=\"font-weight: 400;\">, <\/span><i><span style=\"font-weight: 400;\">20<\/span><\/i><span style=\"font-weight: 400;\">(2 February). <a href=\"https:\/\/doi.org\/10.1371\/journal.pone.0313429\">https:\/\/doi.org\/10.1371\/journal.pone.0313429<\/a><\/span><\/p>\n<p><span style=\"font-weight: 400;\">Prager, M. H., McConaugha, J. R., Jones, C. M., &amp; Geer, P. J. (1990). Fecundity of blue crab, Callinectes sapidus, in Chesapeake Bay: Biological, statistical and management considerations. <\/span><i><span style=\"font-weight: 400;\">Bulletin of Marine Science<\/span><\/i><span style=\"font-weight: 400;\">, <\/span><i><span style=\"font-weight: 400;\">46<\/span><\/i><span style=\"font-weight: 400;\">(1), 170\u2013179. <\/span><a href=\"https:\/\/digitalcommons.odu.edu\/oeas_fac_pubs\/172\"><span style=\"font-weight: 400;\">https:\/\/digitalcommons.odu.edu\/oeas_fac_pubs\/172<\/span><\/a><\/p>\n<p>Image :<br \/>\n<em>Callinectes sapidus<\/em><br \/>\nMINKA \u00a9 xavi salvador costa\u00a0<a href=\"https:\/\/creativecommons.org\/licenses\/by-nc\/4.0\/\">CC BY-NC 4.0<\/a><br \/>\n<a href=\"https:\/\/minka-sdg.org\/observations\/653348\">https:\/\/minka-sdg.org\/observations\/653348<\/a><\/p>\n<\/div><\/div><\/div><div class=\"fusion-panel panel-default panel-a6664c41922b05dd0 fusion-toggle-has-divider\" style=\"--awb-title-color:var(--awb-color8);--awb-content-color:var(--awb-color8);\"><div class=\"panel-heading\"><h4 class=\"panel-title toggle\" id=\"toggle_a6664c41922b05dd0\"><a aria-expanded=\"false\" aria-controls=\"a6664c41922b05dd0\" role=\"button\" data-toggle=\"collapse\" data-parent=\"#accordion-4252-1\" data-target=\"#a6664c41922b05dd0\" href=\"#a6664c41922b05dd0\"><span class=\"fusion-toggle-icon-wrapper\" aria-hidden=\"true\"><i class=\"fa-fusion-box active-icon awb-icon-minus\" aria-hidden=\"true\"><\/i><i class=\"fa-fusion-box inactive-icon awb-icon-plus\" aria-hidden=\"true\"><\/i><\/span><span class=\"fusion-toggle-heading\">Caulerpa cylindracea<\/span><\/a><\/h4><\/div><div id=\"a6664c41922b05dd0\" class=\"panel-collapse collapse \" aria-labelledby=\"toggle_a6664c41922b05dd0\"><div class=\"panel-body toggle-content fusion-clearfix\">\n<p>Guill\u00e9n Juan E., Jim\u00e9nez, S., Martinez, J., Trivino, A., Mugica, Y., Argil\u00e9s, J., &amp; Bueno, M. (2010). Expansion of the invasive algae caulerpa racemosa var. cylindracea (sonder) verlaque, huisman &amp; boudouresque, 2003 on the region of valencia seabed. <em>Thalassas<\/em>, <em>26<\/em>, 135\u2013149. <a href=\"https:\/\/www.researchgate.net\/publication\/287575428_Expansion_of_the_invasive_algae_caulerpa_racemosa_var_cylindracea_sonder_verlaque_huisman_boudouresque_2003_on_the_region_of_valencia_seabed\">https:\/\/www.researchgate.net\/publication\/287575428_Expansion_of_the_invasive_algae_caulerpa_racemosa_var_cylindracea_sonder_verlaque_huisman_boudouresque_2003_on_the_region_of_valencia_seabed<\/a><\/p>\n<p>Katsanevakis, S., Issaris, Y., Poursanidis, D., &amp; Thessalou-Legaki, M. (2010). Vulnerability of marine habitats to the invasive green alga Caulerpa racemosa var. cylindracea within a marine protected area. <em>Marine Environmental Research<\/em>, <em>70<\/em>(2), 210\u2013218. <a href=\"https:\/\/doi.org\/10.1016\/j.marenvres.2010.05.003\">https:\/\/doi.org\/10.1016\/j.marenvres.2010.05.003<\/a><\/p>\n<p>Piazzi, L., Balata, D., Piazzi, L., Balata, D., &amp; Cinelli, F. (2007). <em>Invasions of alien macroalgae in Mediterranean coralligenous assemblages<\/em> (Vol. 28, Number 3). <a href=\"https:\/\/doi.org\/10.1007\/s10530-008-9224-3\">https:\/\/doi.org\/10.1007\/s10530-008-9224-3<\/a><\/p>\n<p>Rizzo, L., Pusceddu, A., Stabili, L., Alifano, P., &amp; Fraschetti, S. (2017). Potential effects of an invasive seaweed (Caulerpa cylindracea, Sonder) on sedimentary organic matter and microbial metabolic activities. <em>Scientific Reports<\/em>, <em>7<\/em>(1).<a href=\"https:\/\/doi.org\/10.1038\/s41598-017-12556-4\"> https:\/\/doi.org\/10.1038\/s41598-017-12556-4<\/a><\/p>\n<p>Ruitton, S., Blanfun\u00e9, A., Boudouresque, C. F., Guillemain, D., Michotey, V., Roblet, S., Thibault, D., Thibaut, T., &amp; Verlaque, M. (2021). Rapid spread of the invasive brown alga rugulopteryx Okamurae in a national park in provence (France, Mediterranean sea). <em>Water (Switzerland)<\/em>, <em>13<\/em>(16). <a href=\"https:\/\/doi.org\/10.3390\/w13162306\">https:\/\/doi.org\/10.3390\/w13162306<\/a><\/p>\n<p>Santamar\u00eda, J., Golo, R., Cebrian, E., Garc\u00eda, M., &amp; Verg\u00e9s, A. (2021). Stressful Conditions Give Rise to a Novel and Cryptic Filamentous Form of Caulerpa cylindracea. <em>Frontiers in Marine Science<\/em>, <em>8<\/em>. <a href=\"https:\/\/doi.org\/10.3389\/fmars.2021.548679s\">https:\/\/doi.org\/10.3389\/fmars.2021.548679s<\/a><\/p>\n<p>Streftaris, N., &amp; Zenetos, A. (2006). <em>Alien Marine Species in the Mediterranean-the 100 \u201cWorst Invasives\u201d and their Impact<\/em>. <em>7<\/em>(1), 87\u2013118. <a href=\"https:\/\/doi.org\/10.12681\/mms.180\">https:\/\/doi.org\/10.12681\/mms.180<\/a><\/p>\n<p>Image :<br \/>\n<em>Caulerpa cylindracea<\/em><br \/>\nMINKA \u00a9 xavi salvador costa\u00a0<a href=\"https:\/\/creativecommons.org\/licenses\/by-nc\/4.0\/\">CC BY-NC 4.0<\/a><br \/>\n<a href=\"https:\/\/minka-sdg.org\/observations\/693809\">https:\/\/minka-sdg.org\/observations\/693809<\/a><\/p>\n<\/div><\/div><\/div><div class=\"fusion-panel panel-default panel-5547a4f164c7ad24c fusion-toggle-has-divider\" style=\"--awb-title-color:var(--awb-color8);--awb-content-color:var(--awb-color8);\"><div class=\"panel-heading\"><h4 class=\"panel-title toggle\" id=\"toggle_5547a4f164c7ad24c\"><a aria-expanded=\"false\" aria-controls=\"5547a4f164c7ad24c\" role=\"button\" data-toggle=\"collapse\" data-parent=\"#accordion-4252-1\" data-target=\"#5547a4f164c7ad24c\" href=\"#5547a4f164c7ad24c\"><span class=\"fusion-toggle-icon-wrapper\" aria-hidden=\"true\"><i class=\"fa-fusion-box active-icon awb-icon-minus\" aria-hidden=\"true\"><\/i><i class=\"fa-fusion-box inactive-icon awb-icon-plus\" aria-hidden=\"true\"><\/i><\/span><span class=\"fusion-toggle-heading\">Fistularia commersonii<\/span><\/a><\/h4><\/div><div id=\"5547a4f164c7ad24c\" class=\"panel-collapse collapse \" aria-labelledby=\"toggle_5547a4f164c7ad24c\"><div class=\"panel-body toggle-content fusion-clearfix\">\n<p>Banaru, D., &amp; Harmelin-Vivien, M. (2018). Ichthyological note-Note ichtyologique. <em>Cybium<\/em>, <em>42<\/em>(2), 208\u2013209. <a href=\"https:\/\/www.researchgate.net\/publication\/327183661_First_catch_of_Fistularia_commersonii_Ruppell_1838_in_the_Bay_of_Marseille_France_northwestern_Mediterranean_Sea\">https:\/\/www.researchgate.net\/publication\/327183661_First_catch_of_Fistularia_commersonii_Ruppell_1838_in_the_Bay_of_Marseille_France_northwestern_Mediterranean_Sea<\/a><\/p>\n<p>Bariche, M., Kajajian, A., &amp; Azzurro, E. (2013). Reproduction of the invasive bluespotted cornetfish Fistularia commersonii (Teleostei, Fistulariidae) in the Mediterranean Sea. <em>Marine Biology Research<\/em>, <em>9<\/em>(2), 169\u2013180. <a href=\"https:\/\/doi.org\/10.1080\/17451000.2012.707322\">https:\/\/doi.org\/10.1080\/17451000.2012.707322<\/a><\/p>\n<p>Castriota, L., Falautano, M., Battaglia, P., Oddo, A., &amp; Andaloro, F. (2014). New biological data on Fistularia commersonii in the central Mediterranean Sea. <em>Cybium: International Journal of Ichthyology<\/em>, <em>38<\/em>, 15\u201321. <a href=\"https:\/\/www.researchgate.net\/publication\/262280680_New_biological_data_on_Fistularia_commersonii_in_the_central_Mediterranean_Sea\">https:\/\/www.researchgate.net\/publication\/262280680_New_biological_data_on_Fistularia_commersonii_in_the_central_Mediterranean_Sea<\/a><\/p>\n<p>Golani, D. (2000). First record of the bluespotted cornetfish from the Mediterranean Sea. <em>Journal of Fish Biology<\/em>, <em>56<\/em>(6), 1545\u20131547. <a href=\"https:\/\/doi.org\/10.1111\/j.1095-8649.2000.tb02163.x\">https:\/\/doi.org\/10.1111\/j.1095-8649.2000.tb02163.x<\/a><\/p>\n<p>S\u00e1nchez-Tocino, L., Hidalgo, F., &amp; Pontes, M. (2007). Primera cita de Fistularia commersonii Ruppell, 1838 (Osteichtyes: Fistulariidae) en aguas mediterr\u00e1neas de la Pen\u00ednsula Ib\u00e9rica. <em>Zoologica Baetica<\/em>, <em>18<\/em>, 79\u201384. <a href=\"https:\/\/www.researchgate.net\/publication\/267337496_Primera_cita_de_Fistularia_commersonii_Ruppell_1838_Osteichtyes_Fistulariidae_en_aguas_mediterraneas_de_la_Peninsula_Iberica\">https:\/\/www.researchgate.net\/publication\/267337496_Primera_cita_de_Fistularia_commersonii_Ruppell_1838_Osteichtyes_Fistulariidae_en_aguas_mediterraneas_de_la_Peninsula_Iberica<\/a><\/p>\n<p>Streftaris, N., &amp; Zenetos, A. (2006). <em>Alien Marine Species in the Mediterranean-the 100 \u201cWorst Invasives\u201d and their Impact<\/em>. <em>7<\/em>(1), 87\u2013118. <a href=\"https:\/\/doi.org\/10.12681\/mms.180\">https:\/\/doi.org\/10.12681\/mms.180<\/a><\/p>\n<p>Image :<br \/>\n<em>Fistularia commersonii<\/em><br \/>\nMINKA \u00a9 xavi salvador costa\u00a0<a href=\"https:\/\/creativecommons.org\/licenses\/by-nc\/4.0\/\">CC BY-NC 4.0<\/a><br \/>\n<a href=\"https:\/\/minka-sdg.org\/observations\/31002\">https:\/\/minka-sdg.org\/observations\/31002<\/a><\/p>\n<p><em>Fistularia commersonii<\/em><br \/>\nMINKA \u00a9 FECDAS MEDI AMBIENT <a href=\"https:\/\/creativecommons.org\/licenses\/by-nc\/4.0\/\">CC BY-NC 4.0<\/a><br \/>\n<a href=\"https:\/\/minka-sdg.org\/observations\/665072\">https:\/\/minka-sdg.org\/observations\/665072<\/a><\/p>\n<\/div><\/div><\/div><div class=\"fusion-panel panel-default panel-8359231939abb2663 fusion-toggle-has-divider\" style=\"--awb-title-color:var(--awb-color8);--awb-content-color:var(--awb-color8);\"><div class=\"panel-heading\"><h4 class=\"panel-title toggle\" id=\"toggle_8359231939abb2663\"><a aria-expanded=\"false\" aria-controls=\"8359231939abb2663\" role=\"button\" data-toggle=\"collapse\" data-parent=\"#accordion-4252-1\" data-target=\"#8359231939abb2663\" href=\"#8359231939abb2663\"><span class=\"fusion-toggle-icon-wrapper\" aria-hidden=\"true\"><i class=\"fa-fusion-box active-icon awb-icon-minus\" aria-hidden=\"true\"><\/i><i class=\"fa-fusion-box inactive-icon awb-icon-plus\" aria-hidden=\"true\"><\/i><\/span><span class=\"fusion-toggle-heading\">Mnemiopsis leidyi<\/span><\/a><\/h4><\/div><div id=\"8359231939abb2663\" class=\"panel-collapse collapse \" aria-labelledby=\"toggle_8359231939abb2663\"><div class=\"panel-body toggle-content fusion-clearfix\">\n<p><span style=\"font-weight: 400;\">Costello, J. H., Bayha, K. M., Mianzan, H. W., Shiganova, T. A., &amp; Purcell, J. E. (2012). Transitions of Mnemiopsis leidyi (Ctenophora: Lobata) from a native to an exotic species: A review. In <\/span><i><span style=\"font-weight: 400;\">Hydrobiologia<\/span><\/i><span style=\"font-weight: 400;\"> (Vol. 690, Number 1, pp. 21\u201346).<a href=\"https:\/\/doi.org\/10.1007\/s10750-012-1037-9\"> https:\/\/doi.org\/10.1007\/s10750-012-1037-9<\/a><\/span><\/p>\n<p><span style=\"font-weight: 400;\">Fuentes, V. L., Angel, D. L., Bayha, K. M., Atienza, D., Edelist, D., Bordehore, C., Gili, J. M., &amp; Purcell, J. E. (2010). Blooms of the invasive ctenophore, Mnemiopsis leidyi, span the Mediterranean Sea in 2009. <\/span><i><span style=\"font-weight: 400;\">Hydrobiologia<\/span><\/i><span style=\"font-weight: 400;\">, <\/span><i><span style=\"font-weight: 400;\">645<\/span><\/i><span style=\"font-weight: 400;\">(1), 23\u201337. <a href=\"https:\/\/doi.org\/10.1007\/s10750-010-0205-z\">https:\/\/doi.org\/10.1007\/s10750-010-0205-z<\/a><\/span><\/p>\n<p><span style=\"font-weight: 400;\">Marchessaux, G., &amp; Belloni, B. (2021). Expansion of Mnemiopsis leidyi in the French Mediterranean lagoons along the Gulf of Lion. <\/span><i><span style=\"font-weight: 400;\">Journal of Sea Research<\/span><\/i><span style=\"font-weight: 400;\">, <\/span><i><span style=\"font-weight: 400;\">168<\/span><\/i><span style=\"font-weight: 400;\">. <a href=\"https:\/\/doi.org\/10.1016\/j.seares.2021.101995\">https:\/\/doi.org\/10.1016\/j.seares.2021.101995<\/a><\/span><\/p>\n<p><span style=\"font-weight: 400;\">\u00d6zt\u00fcrk, B., Mihneva, V., &amp; Shiganova, T. (2011). First records of Bolinopsis vitrea (L. Agassiz, 1860) (Ctenophora: Lobata) in the Black Sea. <\/span><i><span style=\"font-weight: 400;\">Aquatic Invasions<\/span><\/i><span style=\"font-weight: 400;\">, <\/span><i><span style=\"font-weight: 400;\">6<\/span><\/i><span style=\"font-weight: 400;\">(3), 355\u2013360. <a href=\"https:\/\/doi.org\/10.3391\/ai.2011.6.3.12\">https:\/\/doi.org\/10.3391\/ai.2011.6.3.12<\/a><\/span><\/p>\n<p>Image :<br \/>\n<em>Mnemiospsis leidyi<\/em><br \/>\nMINKA \u00a9 xavi salvador costa\u00a0<a href=\"https:\/\/creativecommons.org\/licenses\/by-nc\/4.0\/\">CC BY-NC 4.0<\/a><br \/>\n<a href=\"https:\/\/minka-sdg.org\/observations\/267269\">https:\/\/minka-sdg.org\/observations\/267269<\/a><\/p>\n<\/div><\/div><\/div><div class=\"fusion-panel panel-default panel-1dca9784e770e1f55 fusion-toggle-has-divider\" style=\"--awb-title-color:var(--awb-color8);--awb-content-color:var(--awb-color8);\"><div class=\"panel-heading\"><h4 class=\"panel-title toggle\" id=\"toggle_1dca9784e770e1f55\"><a aria-expanded=\"false\" aria-controls=\"1dca9784e770e1f55\" role=\"button\" data-toggle=\"collapse\" data-parent=\"#accordion-4252-1\" data-target=\"#1dca9784e770e1f55\" href=\"#1dca9784e770e1f55\"><span class=\"fusion-toggle-icon-wrapper\" aria-hidden=\"true\"><i class=\"fa-fusion-box active-icon awb-icon-minus\" aria-hidden=\"true\"><\/i><i class=\"fa-fusion-box inactive-icon awb-icon-plus\" aria-hidden=\"true\"><\/i><\/span><span class=\"fusion-toggle-heading\">Parablennius pilicornis<\/span><\/a><\/h4><\/div><div id=\"1dca9784e770e1f55\" class=\"panel-collapse collapse \" aria-labelledby=\"toggle_1dca9784e770e1f55\"><div class=\"panel-body toggle-content fusion-clearfix\">Canterle, A. M., Nunes, L. T., Oliveira-Santos, L. G. R., &amp; Floeter, S. R. (2022). Syntopic cryptobenthic fishes can coexist with overlapping niches. <em>Marine Biology<\/em>, <em>169<\/em>(2). <a href=\"https:\/\/doi.org\/10.1007\/s00227-021-04009-4\">https:\/\/doi.org\/10.1007\/s00227-021-04009-4<\/a><\/p>\n<p>Ditty, J. G., Shaw, R. F., &amp; D L A Fuiman, A. N. (2005). Larval development of five species of blenny (Teleostei: Blenniidae) from the western central North Atlantic, with a synopsis of blennioid family characters. <em>Journal of Fish Biology<\/em>, <em>66<\/em>, 1261\u20131284. <a href=\"https:\/\/doi.org\/10.1111\/j.1095-8649.2005.00675.x\">https:\/\/doi.org\/10.1111\/j.1095-8649.2005.00675.x<\/a><\/p>\n<p>Pastor, J., &amp; Francour, P. (2010). Occurrence and distribution range of parablennius pilicornis (actinopterygii: Perciformes: Blenniidae) along the french mediterranean coast. <em>Acta Ichthyologica et Piscatoria<\/em>, <em>40<\/em>(2), 179\u2013185. <a href=\"https:\/\/doi.org\/10.3750\/AIP2010.40.2.11\">https:\/\/doi.org\/10.3750\/AIP2010.40.2.11<\/a><\/p>\n<p>Image :<br \/>\n<em>Parablennius pilicornis<\/em><br \/>\nMINKA \u00a9 xavi salvador costa <a href=\"https:\/\/creativecommons.org\/licenses\/by-nc\/4.0\/\">CC BY-NC 4.0<\/a><br \/>\nLivr\u00e9e jaune\u00a0: <a href=\"https:\/\/minka-sdg.org\/observations\/524978\">https:\/\/minka-sdg.org\/observations\/524978<\/a><br \/>\nLivr\u00e9e noire\u00a0: <a href=\"https:\/\/minka-sdg.org\/observations\/450817\">https:\/\/minka-sdg.org\/observations\/450817<\/a><br \/>\nLivr\u00e9e standard\u00a0: <a href=\"https:\/\/minka-sdg.org\/observations\/29460\">https:\/\/minka-sdg.org\/observations\/29460<\/a><br \/>\nLivr\u00e9e claire\u00a0: <a href=\"https:\/\/minka-sdg.org\/observations\/28605\">https:\/\/minka-sdg.org\/observations\/28605<\/a><\/p>\n<p><em>Parablennius rouxi<\/em><br \/>\nMINKA \u00a9 xavi salvador costa <a href=\"https:\/\/creativecommons.org\/licenses\/by-nc\/4.0\/\">CC BY-NC 4.0<\/a><br \/>\n<a href=\"https:\/\/minka-sdg.org\/observations\/698331\">https:\/\/minka-sdg.org\/observations\/698331<\/a><\/p>\n<p><em>Parablennius gattorugine<\/em><br \/>\nMINKA \u00a9 xavi salvador costa <a href=\"https:\/\/creativecommons.org\/licenses\/by-nc\/4.0\/\">CC BY-NC 4.0<\/a><br \/>\n<a href=\"https:\/\/minka-sdg.org\/observations\/543597\">https:\/\/minka-sdg.org\/observations\/543597<\/a><\/p>\n<p><em>Parablennius incognitus<\/em><br \/>\nMINKA \u00a9 xavi salvador costa <a href=\"https:\/\/creativecommons.org\/licenses\/by-nc\/4.0\/\">CC BY-NC 4.0<\/a><br \/>\n<a href=\"https:\/\/minka-sdg.org\/observations\/78789\">https:\/\/minka-sdg.org\/observations\/78789<\/a><\/div><\/div><\/div><div class=\"fusion-panel panel-default panel-cbbaf71e56b2ee36b fusion-toggle-has-divider\" style=\"--awb-title-color:var(--awb-color8);--awb-content-color:var(--awb-color8);\"><div class=\"panel-heading\"><h4 class=\"panel-title toggle\" id=\"toggle_cbbaf71e56b2ee36b\"><a aria-expanded=\"false\" aria-controls=\"cbbaf71e56b2ee36b\" role=\"button\" data-toggle=\"collapse\" data-parent=\"#accordion-4252-1\" data-target=\"#cbbaf71e56b2ee36b\" href=\"#cbbaf71e56b2ee36b\"><span class=\"fusion-toggle-icon-wrapper\" aria-hidden=\"true\"><i class=\"fa-fusion-box active-icon awb-icon-minus\" aria-hidden=\"true\"><\/i><i class=\"fa-fusion-box inactive-icon awb-icon-plus\" aria-hidden=\"true\"><\/i><\/span><span class=\"fusion-toggle-heading\">Rapana venosa<\/span><\/a><\/h4><\/div><div id=\"cbbaf71e56b2ee36b\" class=\"panel-collapse collapse \" aria-labelledby=\"toggle_cbbaf71e56b2ee36b\"><div class=\"panel-body toggle-content fusion-clearfix\">\n<p>Astruch, P., Schohn, T., Andr\u00e9, F., Belloni, B., Boudouresque, C. F., Lejeusne, C., Mayot, N., Marchessaux, G., Thibaut, T., Zibrowius, H., &amp; Verlaque, M. (2025). Chaotic and long-term trends in Berre Lagoon (Provence, France): a shift towards alien-dominated assemblages? <em>Mediterranean Marine Science<\/em>, <em>26<\/em>(1), 199\u2013215. <a href=\"https:\/\/doi.org\/10.12681\/MMS.39056\">https:\/\/doi.org\/10.12681\/MMS.39056<\/a><\/p>\n<p>Ban, S., Zhang, T., Pan, H., Pan, Y., Wang, P., &amp; Xue, D. (2014). Effects of temperature and salinity on the development of embryos and larvae of the veined rapa whelk Rapana venosa (Valenciennes, 1846)*. <em>Chinese Journal of Oceanology and Limnology<\/em>, <em>32<\/em>(4), 773\u2013782.<a href=\"http:\/\/dx.doi.org\/10.1007\/s00343-014-3264-6\"> http:\/\/dx.doi.org\/10.1007\/s00343-014-3264-6<\/a><\/p>\n<p>Castriota, L., &amp; Perzia, P. (2026). Spatial Patterns of the Marine Alien Gastropod Rapana venosa Invasion Across the Black Sea, Mediterranean, and Atlantic Europe. <em>Biology<\/em>, <em>15<\/em>(13), 1012. <a href=\"https:\/\/doi.org\/10.3390\/biology15131012\">https:\/\/doi.org\/10.3390\/biology15131012<\/a><\/p>\n<p>Da\u011ftekin, M. (2023). The invasive mollusk Rapana venosa (Mollusca: Neogastropoda: Muricidae) in the mid-southern Black Sea: Distribution, growth, and stock structure. <em>Acta Ichthyologica et Piscatoria<\/em>, <em>2023<\/em>(53), 191\u2013199. <a href=\"https:\/\/doi.org\/10.3897\/aiep.53.113745\">https:\/\/doi.org\/10.3897\/aiep.53.113745<\/a><\/p>\n<p>Gofas, S., &amp; Zenetos, A. (2003). Exotic molluscs in the mediterranean basin: current status and perspectives. In <em>Annual Review<\/em> (Vol. 41). <a href=\"https:\/\/scispace.com\/pdf\/exotic-molluscs-in-the-mediterranean-basin-current-status-ssn1m0tw7k.pdf\">https:\/\/scispace.com\/pdf\/exotic-molluscs-in-the-mediterranean-basin-current-status-ssn1m0tw7k.pdf<\/a><\/p>\n<p>ICES. (2004). <em>Alien species alert\u202f: Rapana venosa (veined whelk)<\/em> (Roger. Mann, Anna. Occhipinti Ambrogi, &amp; J. Maria. Harding, Eds.; p. 14). ICES Cooperative Research Report No. 264. <a href=\"https:\/\/doi.org\/https:\/\/doi.org\/10.17895\/ices.pub.5471\">https:\/\/doi.org\/https:\/\/doi.org\/10.17895\/ices.pub.5471<\/a><\/p>\n<p>Kosyan, A. (2016). Predation mechanisms of Rapana venosa (Gastropoda: Muricidae) in different biotopes along the Black Sea coast. <em>Marine Pollution Bulletin<\/em>, <em>102<\/em>(2), 265\u2013270. <a href=\"https:\/\/doi.org\/10.1186\/s43088-026-00759-6\">https:\/\/doi.org\/10.1016\/j.marpolbul.2015.07.069<\/a><\/p>\n<p>R\u00edos Jim\u00e9nez, F., &amp; Sosa G\u00f3mez, S. (2026). Sobre la presencia de Rapana venosa (valenciennes, 1846) (gastropoda: muricidae: rapaninae) en las Costas andaluzas, sur de Espa\u00f1a. <em>Rev. Soc. Gad. Hist. Nat.<\/em>, <em>20<\/em>, 33\u201336. <a href=\"https:\/\/dialnet.unirioja.es\/servlet\/articulo?codigo=10665616\">https:\/\/dialnet.unirioja.es\/servlet\/articulo?codigo=10665616<\/a><\/p>\n<p>Saleh, M. A., Habib, M. R., AbdElGhany, S. R., Abouel-Nour, M. F., &amp; Masoud, H. M. M. (2026). Characterization and bioactivities of a novel copper\u2013zinc superoxide dismutase from the marine snail Rapana venosa: antioxidant, antimicrobial, and anticancer effects. <em>Beni-Suef University Journal of Basic and Applied Sciences<\/em>, <em>15<\/em>(1). <a href=\"https:\/\/doi.org\/10.1186\/s43088-026-00759-6\">https:\/\/doi.org\/10.1186\/s43088-026-00759-6<\/a><\/p>\n<p>Image :<br \/>\n<em>Rapana venosa<\/em><br \/>\nMINKA \u00a9 viktor_parkhomenko <a href=\"https:\/\/creativecommons.org\/licenses\/by-nc\/4.0\/\">CC BY-NC 4.0<\/a><br \/>\n<a href=\"https:\/\/minka-sdg.org\/observations\/633707\">https:\/\/minka-sdg.org\/observations\/633707<\/a><\/p>\n<\/div><\/div><\/div><div class=\"fusion-panel panel-default panel-4a863660cd1a29adf fusion-toggle-has-divider\" style=\"--awb-title-color:var(--awb-color8);--awb-content-color:var(--awb-color8);\"><div class=\"panel-heading\"><h4 class=\"panel-title toggle\" id=\"toggle_4a863660cd1a29adf\"><a aria-expanded=\"false\" aria-controls=\"4a863660cd1a29adf\" role=\"button\" data-toggle=\"collapse\" data-parent=\"#accordion-4252-1\" data-target=\"#4a863660cd1a29adf\" href=\"#4a863660cd1a29adf\"><span class=\"fusion-toggle-icon-wrapper\" aria-hidden=\"true\"><i class=\"fa-fusion-box active-icon awb-icon-minus\" aria-hidden=\"true\"><\/i><i class=\"fa-fusion-box inactive-icon awb-icon-plus\" aria-hidden=\"true\"><\/i><\/span><span class=\"fusion-toggle-heading\">Rugulopteryx okamurae<\/span><\/a><\/h4><\/div><div id=\"4a863660cd1a29adf\" class=\"panel-collapse collapse \" aria-labelledby=\"toggle_4a863660cd1a29adf\"><div class=\"panel-body toggle-content fusion-clearfix\">Bellissimo, G., Altamirano, M., Mu\u00f1oz, A. R., De la Rosa, J., Hung, T. H., Rizzuto, G., Vizzini, S., &amp; Tomasello, A. (2024). The invasive brown seaweed Rugulopteryx okamurae (Dictyotales, Ochrophyta) continues to expand: first record in Italy. <em>BioInvasions Records<\/em>, <em>13<\/em>(2), 385\u2013401. <a href=\"https:\/\/doi.org\/10.3391\/bir.2024.13.2.08\">https:\/\/doi.org\/10.3391\/bir.2024.13.2.08<\/a><\/p>\n<p>EU. (2022). <em>Commission Implementing Regulation (EU) 2022\/1203 of 12 July 2022 amending Implementing Regulation (EU) 2016\/1141 to update the list of invasive alien species of Union concern.<\/em> Official Journal of the European Union. <a href=\"http:\/\/data.europa.eu\/eli\/reg_impl\/2022\/1203\/oj\">http:\/\/data.europa.eu\/eli\/reg_impl\/2022\/1203\/oj<\/a><\/p>\n<p>Garc\u00eda-G\u00f3mez, J. C., Sempere-Valverde, J., Gonz\u00e1lez, A. R., Mart\u00ednez-Chac\u00f3n, M., Olaya-Ponzone, L., S\u00e1nchez-Moyano, E., Ostal\u00e9-Valriberas, E., &amp; Megina, C. (2020). From exotic to invasive in record time: The extreme impact of Rugulopteryx okamurae (Dictyotales, Ochrophyta) in the strait of Gibraltar. <em>Science of the Total Environment<\/em>, <em>704<\/em>. <a href=\"https:\/\/doi.org\/10.1016\/j.scitotenv.2019.135408\">https:\/\/doi.org\/10.1016\/j.scitotenv.2019.135408<\/a><\/p>\n<p>Rom\u00e1n, S., &amp; V\u00e1zquez, R. (2025). Assessment of the Rugulopteryx okamurae invasion in Northeastern Atlantic and Mediterranean bioregions: Colonisation status, propagation hypotheses and temperature tolerance thresholds. In <em>Marine Environmental Research<\/em> (Vol. 207). Elsevier Ltd. <a href=\"https:\/\/doi.org\/10.1016\/j.marenvres.2025.107093\">https:\/\/doi.org\/10.1016\/j.marenvres.2025.107093<\/a><\/p>\n<p>Ruitton, S., Blanfun\u00e9, A., Boudouresque, C. F., Guillemain, D., Michotey, V., Roblet, S., Thibault, D., Thibaut, T., &amp; Verlaque, M. (2021). Rapid spread of the invasive brown alga rugulopteryx Okamurae in a national park in provence (France, Mediterranean sea). <em>Water (Switzerland)<\/em>, <em>13<\/em>(16). <a href=\"https:\/\/doi.org\/10.3390\/w13162306\">https:\/\/doi.org\/10.3390\/w13162306<\/a><\/p>\n<p>Tronholm, A., Sans\u00f3n, M., Afonso-Carrillo, J., &amp; De Clerck, O. (2008). Distinctive morphological features, life-cycle phases and seasonal variations in subtropical populations of Dictyota dichotoma (Dictyotales, Phaeophyceae). <em>Botanica Marina<\/em>, <em>51<\/em>(2), 132\u2013144. <a href=\"https:\/\/doi.org\/10.1515\/BOT.2008.017\">https:\/\/doi.org\/10.1515\/BOT.2008.017<\/a><\/p>\n<p>Verlaque, M., Steen, F., &amp; De Clerck, O. (2009). Rugulopteryx (Dictyotales, Phaeophyceae), a genus recently introduced to the Mediterranean. <em>Phycologia<\/em>, <em>48<\/em>(6), 536\u2013542. <a href=\"https:\/\/doi.org\/10.2216\/08-103.1\">https:\/\/doi.org\/10.2216\/08-103.1<\/a><\/p>\n<p>Image :<br \/>\n<em>Rugulopteryx okamurae<\/em><br \/>\nMINKA \u00a9 ester serrao\u00a0<a href=\"https:\/\/creativecommons.org\/licenses\/by-nc\/4.0\/\">CC BY-NC 4.0<\/a><br \/>\n<a href=\"https:\/\/minka-sdg.org\/observations\/630661\">https:\/\/minka-sdg.org\/observations\/630661<\/a><\/p>\n<p><em>Rugulopteryx okamurae<\/em><br \/>\nMINKA \u00a9 xavi salvador costa\u00a0<a href=\"https:\/\/creativecommons.org\/licenses\/by-nc\/4.0\/\">CC BY-NC 4.0<\/a><br \/>\n<a href=\"https:\/\/minka-sdg.org\/observations\/410494\">https:\/\/minka-sdg.org\/observations\/410494<\/a><\/p>\n<p><em>Dictyota dichotoma<\/em><br \/>\nMINKA \u00a9 xavi salvador costa\u00a0<a href=\"https:\/\/creativecommons.org\/licenses\/by-nc\/4.0\/\">CC BY-NC 4.0<\/a><br \/>\n<a href=\"https:\/\/minka-sdg.org\/observations\/709784\">https:\/\/minka-sdg.org\/observations\/709784<\/a><\/div><\/div><\/div><div class=\"fusion-panel panel-default panel-df119195a5c6ddb4d fusion-toggle-has-divider\" style=\"--awb-title-color:var(--awb-color8);--awb-content-color:var(--awb-color8);\"><div class=\"panel-heading\"><h4 class=\"panel-title toggle\" id=\"toggle_df119195a5c6ddb4d\"><a aria-expanded=\"false\" aria-controls=\"df119195a5c6ddb4d\" role=\"button\" data-toggle=\"collapse\" data-parent=\"#accordion-4252-1\" data-target=\"#df119195a5c6ddb4d\" href=\"#df119195a5c6ddb4d\"><span class=\"fusion-toggle-icon-wrapper\" aria-hidden=\"true\"><i class=\"fa-fusion-box active-icon awb-icon-minus\" aria-hidden=\"true\"><\/i><i class=\"fa-fusion-box inactive-icon awb-icon-plus\" aria-hidden=\"true\"><\/i><\/span><span class=\"fusion-toggle-heading\">Siganus luridus<\/span><\/a><\/h4><\/div><div id=\"df119195a5c6ddb4d\" class=\"panel-collapse collapse \" aria-labelledby=\"toggle_df119195a5c6ddb4d\"><div class=\"panel-body toggle-content fusion-clearfix\">\n<p>Abdulghani, A. A. H. (2017). <em>Biological and ecological processes during the establishment of a marine invasion: the Siganus rabbitfishes from the Red Sea to the coastal areas of Cyrenaica, Libya. PhD Thesis,<\/em>. <a href=\"https:\/\/scispace.com\/papers\/biological-and-ecological-processes-during-the-establishment-36p08mye2o\">https:\/\/scispace.com\/papers\/biological-and-ecological-processes-during-the-establishment-36p08mye2o<\/a><\/p>\n<p>Azzurro, E., &amp; Andaloro, F. (2004). A new settled population of the lessepsian migrant <em>Siganus luridus<\/em> (Pisces: Siganidae) in Linosa Island\u2014Sicily Strait. <em>Journal of the Marine Biological Association of the United Kingdom<\/em>, <em>84<\/em>(4), 819\u2013821. <a href=\"https:\/\/doi.org\/10.1017\/S0025315404009993h\">https:\/\/doi.org\/10.1017\/S0025315404009993h<\/a><\/p>\n<p>Bardamaskos, G., Tsiamis, K., Panayotidis, P., &amp; Megalofonou, P. (2009). New records and range expansion of alien fish and macroalgae in Greek waters (south-east Ionian Sea). <em>Marine Biodiversity Records<\/em>, <em>2<\/em>, e124. <a href=\"https:\/\/doi.org\/10.1017\/S1755267209001055\">https:\/\/doi.org\/10.1017\/S1755267209001055<\/a><\/p>\n<p>Boris, D., Piro, S., Charbonnel, E., Bachet, F., Francour, P., &amp; Letourneur, Y. (2009). Lessepsian rabbitfish Siganus luridus reached the French Mediterranean coasts. <em>Cybium: International Journal of Ichthyology.<\/em>, <em>33<\/em>(1), 163\u2013164. <a href=\"https:\/\/www.researchgate.net\/publication\/230866153_Lessepsian_rabbitfish_Siganus_luridus_reached_the_French_Mediterranean_coasts\">https:\/\/www.researchgate.net\/publication\/230866153_Lessepsian_rabbitfish_Siganus_luridus_reached_the_French_Mediterranean_coasts<\/a><\/p>\n<p>Giakoumi, S. (2014). Distribution patterns of the invasive herbivore Siganus luridus (R\u00fcppell, 1829) and its relation to native benthic communities in the central Aegean Sea, Northeastern Mediterranean. <em>Marine Ecology<\/em>, <em>35<\/em>(1), 96\u2013105. <a href=\"https:\/\/doi.org\/10.1111\/maec.12059\">https:\/\/doi.org\/10.1111\/maec.12059<\/a><\/p>\n<p>Shakman, E., Winkler, H., Oeberst, R., &amp; Kinzelbach, R. (2008). Morphometry, age and growth of Siganus luridus R\u00fcppell, 1828 and Siganus rivulatus Forssk\u00e5l, 1775 (Siganidae) in the central Mediterranean (Libyan coast). <em>Revista de Biologia Marine y Oceanografia<\/em>, <em>43<\/em>(3), 521\u2013529. <a href=\"http:\/\/www.redalyc.org\/articulo.oa?id=47911347009\">http:\/\/www.redalyc.org\/articulo.oa?id=47911347009<\/a><\/p>\n<p>Image :<br \/>\n<em>Sarpa salpa<\/em><br \/>\nMINKA \u00a9 xavi salvador costa\u00a0<a href=\"https:\/\/creativecommons.org\/licenses\/by-nc\/4.0\/\">CC BY-NC 4.0<\/a><br \/>\n<a href=\"https:\/\/minka-sdg.org\/observations\/171392\">https:\/\/minka-sdg.org\/observations\/171392<\/a><\/p>\n<p><em>Siganus luridus<\/em><br \/>\nMINKA \u00a9 jmturon <a href=\"https:\/\/creativecommons.org\/licenses\/by-nc\/4.0\/\">CC BY-NC 4.0<\/a><br \/>\n<a href=\"https:\/\/minka-sdg.org\/observations\/649024\">https:\/\/minka-sdg.org\/observations\/649024<\/a><\/p>\n<\/div><\/div><\/div><\/div><\/div><\/div><\/div><div class=\"fusion-layout-column fusion_builder_column fusion-builder-column-3 fusion_builder_column_1_4 1_4 fusion-flex-column\" style=\"--awb-padding-top:10%;--awb-padding-right:6%;--awb-padding-bottom:10%;--awb-padding-left:6%;--awb-overflow:hidden;--awb-bg-size:cover;--awb-border-color:var(--awb-color3);--awb-border-top:2px;--awb-border-right:2px;--awb-border-bottom:2px;--awb-border-left:2px;--awb-border-style:solid;--awb-border-radius:10px 10px 10px 10px;--awb-width-large:25%;--awb-margin-top-large:0px;--awb-spacing-right-large:0%;--awb-margin-bottom-large:0px;--awb-spacing-left-large:0%;--awb-width-medium:25%;--awb-order-medium:0;--awb-spacing-right-medium:0%;--awb-spacing-left-medium:0%;--awb-width-small:100%;--awb-order-small:0;--awb-spacing-right-small:1.92%;--awb-spacing-left-small:1.92%;\"><div class=\"fusion-column-wrapper fusion-column-has-shadow fusion-flex-justify-content-flex-start fusion-content-layout-column\"><div class=\"fusion-title title fusion-title-3 fusion-sep-none fusion-title-text fusion-title-size-three\" style=\"--awb-margin-top-small:10px;--awb-margin-right-small:0px;--awb-margin-bottom-small:10px;--awb-margin-left-small:0px;\"><h3 class=\"fusion-title-heading title-heading-left fusion-responsive-typography-calculated\" style=\"margin:0;--fontSize:36;line-height:var(--awb-typography1-line-height);\"><p>Disseny<br \/>\ndel lloc web<\/p><\/h3><\/div><div class=\"fusion-image-element\" style=\"--awb-max-width:225px;--awb-caption-title-font-family:var(--h2_typography-font-family);--awb-caption-title-font-weight:var(--h2_typography-font-weight);--awb-caption-title-font-style:var(--h2_typography-font-style);--awb-caption-title-size:var(--h2_typography-font-size);--awb-caption-title-transform:var(--h2_typography-text-transform);--awb-caption-title-line-height:var(--h2_typography-line-height);--awb-caption-title-letter-spacing:var(--h2_typography-letter-spacing);\"><span class=\" fusion-imageframe imageframe-none imageframe-2 hover-type-none\"><a class=\"fusion-no-lightbox\" href=\"https:\/\/agenceidentity.fr\" target=\"_blank\" aria-label=\"Identity_logo 2026-noir-retina\" rel=\"noopener noreferrer\"><img decoding=\"async\" width=\"600\" height=\"260\" alt=\"Logo Agence Identity\" src=\"https:\/\/alien-occicat.obs-banyuls.fr\/wp-content\/uploads\/2026\/06\/Identity_logo-2026-noir-retina.png\" data-orig-src=\"https:\/\/alien-occicat.obs-banyuls.fr\/wp-content\/uploads\/2026\/06\/Identity_logo-2026-noir-retina.png\" class=\"lazyload img-responsive wp-image-4253\" srcset=\"data:image\/svg+xml,%3Csvg%20xmlns%3D%27http%3A%2F%2Fwww.w3.org%2F2000%2Fsvg%27%20width%3D%27600%27%20height%3D%27260%27%20viewBox%3D%270%200%20600%20260%27%3E%3Crect%20width%3D%27600%27%20height%3D%27260%27%20fill-opacity%3D%220%22%2F%3E%3C%2Fsvg%3E\" data-srcset=\"https:\/\/alien-occicat.obs-banyuls.fr\/wp-content\/uploads\/2026\/06\/Identity_logo-2026-noir-retina-200x87.png 200w, https:\/\/alien-occicat.obs-banyuls.fr\/wp-content\/uploads\/2026\/06\/Identity_logo-2026-noir-retina-400x173.png 400w, https:\/\/alien-occicat.obs-banyuls.fr\/wp-content\/uploads\/2026\/06\/Identity_logo-2026-noir-retina.png 600w\" data-sizes=\"auto\" data-orig-sizes=\"(max-width: 800px) 100vw, 400px\" \/><\/a><\/span><\/div><div class=\"fusion-text fusion-text-3\"><p><strong>Agence Identity<\/strong><br \/>\n66570 Saint Nazaire<\/p>\n<p>SIREN 878 343 722<br \/>\nTVA N\u00b0 FR85878343722<\/p>\n<p><a href=\"https:\/\/agenceidentity.fr\/\" target=\"_blank\" rel=\"noopener\">www.agenceidentity.fr<\/a><\/p>\n<p>amb C\u00e9dric CORNET (Concepteur)<br \/>\n&amp; Aurore Fournier<br \/>\nTel. : 06 86 90 82 81<\/p>\n<p><a class=\"mail-link\" href=\"mailto:hello@agenceidentity.fr\" data-enc-email=\"uryyb&#091;at&#093;v-qragvgl.se\" data-wpel-link=\"ignore\">Enviar un missatge a Identity<\/a><\/p>\n<\/div><\/div><\/div><\/div><\/div>\n","protected":false},"excerpt":{"rendered":"","protected":false},"author":1,"featured_media":4160,"parent":0,"menu_order":0,"comment_status":"closed","ping_status":"closed","template":"100-width.php","meta":{"_acf_changed":false,"footnotes":""},"class_list":["post-4252","page","type-page","status-publish","has-post-thumbnail","hentry"],"acf":[],"_links":{"self":[{"href":"https:\/\/alien-occicat.obs-banyuls.fr\/ca\/wp-json\/wp\/v2\/pages\/4252","targetHints":{"allow":["GET"]}}],"collection":[{"href":"https:\/\/alien-occicat.obs-banyuls.fr\/ca\/wp-json\/wp\/v2\/pages"}],"about":[{"href":"https:\/\/alien-occicat.obs-banyuls.fr\/ca\/wp-json\/wp\/v2\/types\/page"}],"author":[{"embeddable":true,"href":"https:\/\/alien-occicat.obs-banyuls.fr\/ca\/wp-json\/wp\/v2\/users\/1"}],"replies":[{"embeddable":true,"href":"https:\/\/alien-occicat.obs-banyuls.fr\/ca\/wp-json\/wp\/v2\/comments?post=4252"}],"version-history":[{"count":11,"href":"https:\/\/alien-occicat.obs-banyuls.fr\/ca\/wp-json\/wp\/v2\/pages\/4252\/revisions"}],"predecessor-version":[{"id":6032,"href":"https:\/\/alien-occicat.obs-banyuls.fr\/ca\/wp-json\/wp\/v2\/pages\/4252\/revisions\/6032"}],"wp:featuredmedia":[{"embeddable":true,"href":"https:\/\/alien-occicat.obs-banyuls.fr\/ca\/wp-json\/wp\/v2\/media\/4160"}],"wp:attachment":[{"href":"https:\/\/alien-occicat.obs-banyuls.fr\/ca\/wp-json\/wp\/v2\/media?parent=4252"}],"curies":[{"name":"wp","href":"https:\/\/api.w.org\/{rel}","templated":true}]}}